{"id":1490,"date":"2022-10-16T22:55:41","date_gmt":"2022-10-16T22:55:41","guid":{"rendered":"https:\/\/misswheelchairworld.org\/?page_id=1490"},"modified":"2025-03-13T03:43:13","modified_gmt":"2025-03-13T02:43:13","slug":"aktualnosci","status":"publish","type":"page","link":"https:\/\/misswheelchairworld.org\/en\/aktualnosci\/","title":{"rendered":"News"},"content":{"rendered":"<style>.kb-row-layout-id1490_ea0599-8e > .kt-row-column-wrap{align-content:start;}:where(.kb-row-layout-id1490_ea0599-8e > .kt-row-column-wrap) > .wp-block-kadence-column{justify-content:start;}.kb-row-layout-id1490_ea0599-8e > .kt-row-column-wrap{column-gap:var(--global-kb-gap-md, 2rem);row-gap:var(--global-kb-gap-md, 2rem);padding-top:30px;padding-bottom:30px;grid-template-columns:minmax(0, 1fr);}.kb-row-layout-id1490_ea0599-8e > .kt-row-layout-overlay{opacity:0.90;background-color:var(--global-palette3, #1A202C);}.kb-row-layout-id1490_ea0599-8e .kt-row-layout-bottom-sep{height:100px;}.kb-row-layout-id1490_ea0599-8e .kt-row-layout-bottom-sep svg{width:100%;}.kb-row-layout-id1490_ea0599-8e .kt-row-layout-bottom-sep svg{fill:var(--global-palette5, #4A5568)!important;}.kb-row-layout-id1490_ea0599-8e .kt-row-layout-top-sep{height:164px;}.kb-row-layout-id1490_ea0599-8e .kt-row-layout-top-sep svg{width:100%;}.kb-row-layout-id1490_ea0599-8e .kt-row-layout-top-sep svg{fill:rgba(248,232,216,0.16)!important;}@media all and (max-width: 1024px){.kb-row-layout-wrap.wp-block-kadence-rowlayout.kb-row-layout-id1490_ea0599-8e{margin-bottom:0px;}}@media all and (max-width: 1024px){.kb-row-layout-id1490_ea0599-8e > .kt-row-column-wrap{grid-template-columns:minmax(0, 1fr);}}@media all and (max-width: 1024px){.kb-row-layout-id1490_ea0599-8e .kt-row-layout-bottom-sep{height:px;}}@media all and (max-width: 1024px){.kb-row-layout-id1490_ea0599-8e .kt-row-layout-bottom-sep svg{width:%;}}@media all and (max-width: 767px){.kb-row-layout-wrap.wp-block-kadence-rowlayout.kb-row-layout-id1490_ea0599-8e{margin-bottom:0px;}.kb-row-layout-id1490_ea0599-8e > .kt-row-column-wrap{grid-template-columns:minmax(0, 1fr);}.kb-row-layout-id1490_ea0599-8e .kt-row-layout-bottom-sep{height:px;}.kb-row-layout-id1490_ea0599-8e .kt-row-layout-bottom-sep svg{width:%;}}<\/style><div class=\"kb-row-layout-wrap kb-row-layout-id1490_ea0599-8e alignfull kt-row-has-bg wp-block-kadence-rowlayout\"><div class=\"kt-row-layout-overlay kt-row-overlay-normal\"><\/div><div class=\"kt-row-column-wrap kt-has-1-columns kt-row-layout-equal kt-tab-layout-inherit kt-mobile-layout-row kt-row-valign-top\">\n<style>.kadence-column1490_91fa83-2f > .kt-inside-inner-col,.kadence-column1490_91fa83-2f > .kt-inside-inner-col:before{border-top-left-radius:0px;border-top-right-radius:0px;border-bottom-right-radius:0px;border-bottom-left-radius:0px;}.kadence-column1490_91fa83-2f > .kt-inside-inner-col{column-gap:var(--global-kb-gap-sm, 1rem);}.kadence-column1490_91fa83-2f > .kt-inside-inner-col{flex-direction:column;}.kadence-column1490_91fa83-2f > .kt-inside-inner-col > .aligncenter{width:100%;}.kadence-column1490_91fa83-2f > .kt-inside-inner-col:before{opacity:0.3;}.kadence-column1490_91fa83-2f{position:relative;}@media all and (max-width: 1024px){.kadence-column1490_91fa83-2f > .kt-inside-inner-col{flex-direction:column;justify-content:center;}}@media all and (max-width: 767px){.kadence-column1490_91fa83-2f > .kt-inside-inner-col{flex-direction:column;justify-content:center;}}<\/style>\n<div class=\"wp-block-kadence-column kadence-column1490_91fa83-2f\"><div class=\"kt-inside-inner-col\"><style>.wp-block-kadence-advancedheading.kt-adv-heading1490_7d1f9d-38, .wp-block-kadence-advancedheading.kt-adv-heading1490_7d1f9d-38[data-kb-block=\"kb-adv-heading1490_7d1f9d-38\"]{text-align:center;font-style:normal;}.wp-block-kadence-advancedheading.kt-adv-heading1490_7d1f9d-38 mark.kt-highlight, .wp-block-kadence-advancedheading.kt-adv-heading1490_7d1f9d-38[data-kb-block=\"kb-adv-heading1490_7d1f9d-38\"] mark.kt-highlight{font-style:normal;color:#f76a0c;-webkit-box-decoration-break:clone;box-decoration-break:clone;padding-top:0px;padding-right:0px;padding-bottom:0px;padding-left:0px;}<\/style>\n<h2 class=\"kt-adv-heading1490_7d1f9d-38 wp-block-kadence-advancedheading has-theme-palette-8-color has-text-color\" data-kb-block=\"kb-adv-heading1490_7d1f9d-38\">Our news<\/h2>\n<\/div><\/div>\n\n<\/div><\/div>\n\n<style>.kb-row-layout-id1490_055bf5-e4 > .kt-row-column-wrap{align-content:start;}:where(.kb-row-layout-id1490_055bf5-e4 > .kt-row-column-wrap) > .wp-block-kadence-column{justify-content:start;}.kb-row-layout-id1490_055bf5-e4 > .kt-row-column-wrap{column-gap:var(--global-kb-gap-md, 2rem);row-gap:var(--global-kb-gap-md, 2rem);padding-top:40px;padding-bottom:60px;grid-template-columns:minmax(0, 1fr);}.kb-row-layout-id1490_055bf5-e4 > .kt-row-layout-overlay{opacity:0.30;}@media all and (max-width: 1024px){.kb-row-layout-id1490_055bf5-e4 > .kt-row-column-wrap{padding-top:50px;grid-template-columns:minmax(0, 1fr);}}@media all and (max-width: 767px){.kb-row-layout-id1490_055bf5-e4 > .kt-row-column-wrap{padding-top:40px;grid-template-columns:minmax(0, 1fr);}}<\/style><div class=\"kb-row-layout-wrap kb-row-layout-id1490_055bf5-e4 alignnone wp-block-kadence-rowlayout\"><div class=\"kt-row-column-wrap kt-has-1-columns kt-row-layout-equal kt-tab-layout-inherit kt-mobile-layout-row kt-row-valign-top\">\n<style>.kadence-column1490_a5b125-6c > .kt-inside-inner-col,.kadence-column1490_a5b125-6c > .kt-inside-inner-col:before{border-top-left-radius:0px;border-top-right-radius:0px;border-bottom-right-radius:0px;border-bottom-left-radius:0px;}.kadence-column1490_a5b125-6c > .kt-inside-inner-col{column-gap:var(--global-kb-gap-sm, 1rem);}.kadence-column1490_a5b125-6c > .kt-inside-inner-col{flex-direction:column;}.kadence-column1490_a5b125-6c > .kt-inside-inner-col > .aligncenter{width:100%;}.kadence-column1490_a5b125-6c > .kt-inside-inner-col:before{opacity:0.3;}.kadence-column1490_a5b125-6c{position:relative;}@media all and (max-width: 1024px){.kadence-column1490_a5b125-6c > .kt-inside-inner-col{flex-direction:column;justify-content:center;}}@media all and (max-width: 767px){.kadence-column1490_a5b125-6c > .kt-inside-inner-col{flex-direction:column;justify-content:center;}}<\/style>\n<div class=\"wp-block-kadence-column kadence-column1490_a5b125-6c\"><div class=\"kt-inside-inner-col\"><style>.kb-posts-id-1490_90d6c5-7b .entry.loop-entry .entry-header .entry-title{font-size:20px;}.kb-posts-id-1490_90d6c5-7b .kb-post-list-item{display:grid;}<\/style><ul class=\"wp-block-kadence-posts kb-posts kadence-posts-list kb-posts-id-1490_90d6c5-7b content-wrap grid-cols kb-posts-style-boxed grid-sm-col-2 grid-lg-col-3 item-image-style-above\"><li class=\"kb-post-list-item\">\n\t<article class=\"entry content-bg loop-entry post-3762 post type-post status-publish format-standard has-post-thumbnail hentry category-uncategorized\">\n\t\t\t\t<a aria-hidden=\"true\" tabindex=\"-1\" role=\"presentation\" class=\"post-thumbnail kadence-thumbnail-ratio-1-1\" href=\"https:\/\/misswheelchairworld.org\/en\/gala-finalowa-miss-meksyku-2022-video\/\" aria-label=\"Gala Fina\u0142owa Miss Meksyku 2022 &#8211; video\">\n\t\t\t<div class=\"post-thumbnail-inner\">\n\t\t\t\t<img loading=\"lazy\" decoding=\"async\" width=\"768\" height=\"346\" src=\"https:\/\/misswheelchairworld.org\/wp-content\/uploads\/2022\/10\/9-768x346.jpg\" class=\"attachment-medium_large size-medium_large wp-post-image\" alt=\"Gala Fina\u0142owa Miss Meksyku 2022 &#8211; video\" srcset=\"https:\/\/misswheelchairworld.org\/wp-content\/uploads\/2022\/10\/9-768x346.jpg 768w, https:\/\/misswheelchairworld.org\/wp-content\/uploads\/2022\/10\/9-300x135.jpg 300w, https:\/\/misswheelchairworld.org\/wp-content\/uploads\/2022\/10\/9-18x8.jpg 18w, https:\/\/misswheelchairworld.org\/wp-content\/uploads\/2022\/10\/9.jpg 1024w\" sizes=\"auto, (max-width: 768px) 100vw, 768px\" \/>\t\t\t<\/div>\n\t\t<\/a><!-- .post-thumbnail -->\n\t\t\t\t<div class=\"entry-content-wrap\">\n\t\t\t<header class=\"entry-header\">\n\t<h3 class=\"entry-title\"><a href=\"https:\/\/misswheelchairworld.org\/en\/gala-finalowa-miss-meksyku-2022-video\/\" rel=\"bookmark\">Final Gala Miss Wheelchair World Mexico 2022 - video clip<\/a><\/h3>\t<div class=\"entry-meta entry-meta-divider-dot\">\n\t\t\t\t<span class=\"posted-on\">\n\t\t\t\t<span class=\"meta-label\">Wpis<\/span><time class=\"entry-date published\" datetime=\"2022-11-02T00:02:06+01:00\">02\/11\/2022<\/time><time class=\"updated\" datetime=\"2023-03-20T04:30:34+01:00\">20\/03\/2023<\/time>\t\t\t<\/span>\n\t\t\t\t<\/div><!-- .entry-meta -->\n\t<\/header><!-- .entry-header -->\n\t<div class=\"entry-summary\">\n\t\t<p>Miss Mexico 2022 Final Gala We invite you to watch the Miss Wheelchair Competition Gala in Mexico via the Facebook platform. Link to video:\u2026<\/p>\n\t<\/div><!-- .entry-summary -->\n\t<footer class=\"entry-footer\">\n\t\t\t<div class=\"entry-actions\">\n\t\t\t<p class=\"more-link-wrap\">\n\t\t\t\t<a href=\"https:\/\/misswheelchairworld.org\/en\/gala-finalowa-miss-meksyku-2022-video\/\" class=\"post-more-link\">\n\t\t\t\t\tRead more<span class=\"screen-reader-text\"> Final Gala Miss Wheelchair World Mexico 2022 - video clip<\/span><span class=\"kadence-svg-iconset svg-baseline\"><svg aria-hidden=\"true\" class=\"kadence-svg-icon kadence-arrow-right-alt-svg\" fill=\"currentColor\" version=\"1.1\" xmlns=\"http:\/\/www.w3.org\/2000\/svg\" width=\"27\" height=\"28\" viewbox=\"0 0 27 28\"><title>Continue<\/title><path d=\"M27 13.953c0 0.141-0.063 0.281-0.156 0.375l-6 5.531c-0.156 0.141-0.359 0.172-0.547 0.094-0.172-0.078-0.297-0.25-0.297-0.453v-3.5h-19.5c-0.281 0-0.5-0.219-0.5-0.5v-3c0-0.281 0.219-0.5 0.5-0.5h19.5v-3.5c0-0.203 0.109-0.375 0.297-0.453s0.391-0.047 0.547 0.078l6 5.469c0.094 0.094 0.156 0.219 0.156 0.359v0z\"><\/path>\n\t\t\t<\/svg><\/span>\t\t\t\t<\/a>\n\t\t\t<\/p>\n\t\t<\/div><!-- .entry-actions -->\n\t\t<\/footer><!-- .entry-footer -->\t\t<\/div>\n\t<\/article>\n<\/li>\n<li class=\"kb-post-list-item\">\n\t<article class=\"entry content-bg loop-entry post-1458 post type-post status-publish format-standard has-post-thumbnail hentry category-uncategorized\">\n\t\t\t\t<a aria-hidden=\"true\" tabindex=\"-1\" role=\"presentation\" class=\"post-thumbnail kadence-thumbnail-ratio-1-1\" href=\"https:\/\/misswheelchairworld.org\/en\/voting-for-miss-wheelchair-world-popularity\/\" aria-label=\"Voting for Miss Wheelchair Popularity\">\n\t\t\t<div class=\"post-thumbnail-inner\">\n\t\t\t\t<img loading=\"lazy\" decoding=\"async\" width=\"768\" height=\"993\" src=\"https:\/\/misswheelchairworld.org\/wp-content\/uploads\/2022\/10\/calendar-finalists-announcement-miss-wheelchair-world-768x993.jpg\" class=\"attachment-medium_large size-medium_large wp-post-image\" alt=\"G\u0142osowanie na Miss Popularno\u015bci na W\u00f3zku\" srcset=\"https:\/\/misswheelchairworld.org\/wp-content\/uploads\/2022\/10\/calendar-finalists-announcement-miss-wheelchair-world-768x993.jpg 768w, https:\/\/misswheelchairworld.org\/wp-content\/uploads\/2022\/10\/calendar-finalists-announcement-miss-wheelchair-world-232x300.jpg 232w, https:\/\/misswheelchairworld.org\/wp-content\/uploads\/2022\/10\/calendar-finalists-announcement-miss-wheelchair-world-792x1024.jpg 792w, https:\/\/misswheelchairworld.org\/wp-content\/uploads\/2022\/10\/calendar-finalists-announcement-miss-wheelchair-world-1188x1536.jpg 1188w, https:\/\/misswheelchairworld.org\/wp-content\/uploads\/2022\/10\/calendar-finalists-announcement-miss-wheelchair-world-9x12.jpg 9w, https:\/\/misswheelchairworld.org\/wp-content\/uploads\/2022\/10\/calendar-finalists-announcement-miss-wheelchair-world.jpg 1280w\" sizes=\"auto, (max-width: 768px) 100vw, 768px\" \/>\t\t\t<\/div>\n\t\t<\/a><!-- .post-thumbnail -->\n\t\t\t\t<div class=\"entry-content-wrap\">\n\t\t\t<header class=\"entry-header\">\n\t<h3 class=\"entry-title\"><a href=\"https:\/\/misswheelchairworld.org\/en\/voting-for-miss-wheelchair-world-popularity\/\" rel=\"bookmark\">Voting for Miss Wheelchair Popularity<\/a><\/h3>\t<div class=\"entry-meta entry-meta-divider-dot\">\n\t\t\t\t<span class=\"posted-on\">\n\t\t\t\t<span class=\"meta-label\">Wpis<\/span><time class=\"entry-date published\" datetime=\"2022-10-12T22:10:04+02:00\">12\/10\/2022<\/time><time class=\"updated\" datetime=\"2023-03-20T04:38:51+01:00\">20\/03\/2023<\/time>\t\t\t<\/span>\n\t\t\t\t<\/div><!-- .entry-meta -->\n\t<\/header><!-- .entry-header -->\n\t<div class=\"entry-summary\">\n\t\t<p>Voting for Miss Wheelchair World Popularity is currently taking place. Support your candidate through the media\u2026<\/p>\n\t<\/div><!-- .entry-summary -->\n\t<footer class=\"entry-footer\">\n\t\t\t<div class=\"entry-actions\">\n\t\t\t<p class=\"more-link-wrap\">\n\t\t\t\t<a href=\"https:\/\/misswheelchairworld.org\/en\/voting-for-miss-wheelchair-world-popularity\/\" class=\"post-more-link\">\n\t\t\t\t\tRead more<span class=\"screen-reader-text\"> Voting for Miss Wheelchair Popularity<\/span><span class=\"kadence-svg-iconset svg-baseline\"><svg aria-hidden=\"true\" class=\"kadence-svg-icon kadence-arrow-right-alt-svg\" fill=\"currentColor\" version=\"1.1\" xmlns=\"http:\/\/www.w3.org\/2000\/svg\" width=\"27\" height=\"28\" viewbox=\"0 0 27 28\"><title>Continue<\/title><path d=\"M27 13.953c0 0.141-0.063 0.281-0.156 0.375l-6 5.531c-0.156 0.141-0.359 0.172-0.547 0.094-0.172-0.078-0.297-0.25-0.297-0.453v-3.5h-19.5c-0.281 0-0.5-0.219-0.5-0.5v-3c0-0.281 0.219-0.5 0.5-0.5h19.5v-3.5c0-0.203 0.109-0.375 0.297-0.453s0.391-0.047 0.547 0.078l6 5.469c0.094 0.094 0.156 0.219 0.156 0.359v0z\"><\/path>\n\t\t\t<\/svg><\/span>\t\t\t\t<\/a>\n\t\t\t<\/p>\n\t\t<\/div><!-- .entry-actions -->\n\t\t<\/footer><!-- .entry-footer -->\t\t<\/div>\n\t<\/article>\n<\/li>\n<li class=\"kb-post-list-item\">\n\t<article class=\"entry content-bg loop-entry post-1471 post type-post status-publish format-standard has-post-thumbnail hentry category-uncategorized\">\n\t\t\t\t<a aria-hidden=\"true\" tabindex=\"-1\" role=\"presentation\" class=\"post-thumbnail kadence-thumbnail-ratio-1-1\" href=\"https:\/\/misswheelchairworld.org\/en\/final-gala-on-october-29-2022\/\" aria-label=\"Final Gala on October 29, 2022\">\n\t\t\t<div class=\"post-thumbnail-inner\">\n\t\t\t\t<img loading=\"lazy\" decoding=\"async\" width=\"768\" height=\"576\" src=\"https:\/\/misswheelchairworld.org\/wp-content\/uploads\/2022\/10\/Miss-Wheelchair-World-2017-Results-Proclamation2-768x576.jpg\" class=\"attachment-medium_large size-medium_large wp-post-image\" alt=\"Gala Fina\u0142owa ju\u017c 29 pa\u017adziernika 2022\" srcset=\"https:\/\/misswheelchairworld.org\/wp-content\/uploads\/2022\/10\/Miss-Wheelchair-World-2017-Results-Proclamation2-768x576.jpg 768w, https:\/\/misswheelchairworld.org\/wp-content\/uploads\/2022\/10\/Miss-Wheelchair-World-2017-Results-Proclamation2-300x225.jpg 300w, https:\/\/misswheelchairworld.org\/wp-content\/uploads\/2022\/10\/Miss-Wheelchair-World-2017-Results-Proclamation2-1024x768.jpg 1024w, https:\/\/misswheelchairworld.org\/wp-content\/uploads\/2022\/10\/Miss-Wheelchair-World-2017-Results-Proclamation2-16x12.jpg 16w, https:\/\/misswheelchairworld.org\/wp-content\/uploads\/2022\/10\/Miss-Wheelchair-World-2017-Results-Proclamation2.jpg 1263w\" sizes=\"auto, (max-width: 768px) 100vw, 768px\" \/>\t\t\t<\/div>\n\t\t<\/a><!-- .post-thumbnail -->\n\t\t\t\t<div class=\"entry-content-wrap\">\n\t\t\t<header class=\"entry-header\">\n\t<h3 class=\"entry-title\"><a href=\"https:\/\/misswheelchairworld.org\/en\/final-gala-on-october-29-2022\/\" rel=\"bookmark\">Final Gala on October 29, 2022<\/a><\/h3>\t<div class=\"entry-meta entry-meta-divider-dot\">\n\t\t\t\t<span class=\"posted-on\">\n\t\t\t\t<span class=\"meta-label\">Wpis<\/span><time class=\"entry-date published\" datetime=\"2022-10-10T22:44:54+02:00\">10\/10\/2022<\/time><time class=\"updated\" datetime=\"2023-03-20T04:44:30+01:00\">20\/03\/2023<\/time>\t\t\t<\/span>\n\t\t\t\t<\/div><!-- .entry-meta -->\n\t<\/header><!-- .entry-header -->\n\t<div class=\"entry-summary\">\n\t\t<p>The Final Gala will take place on October 29, 2022, in Tijuana, Baja California. During the ceremony,\u2026<\/p>\n\t<\/div><!-- .entry-summary -->\n\t<footer class=\"entry-footer\">\n\t\t\t<div class=\"entry-actions\">\n\t\t\t<p class=\"more-link-wrap\">\n\t\t\t\t<a href=\"https:\/\/misswheelchairworld.org\/en\/final-gala-on-october-29-2022\/\" class=\"post-more-link\">\n\t\t\t\t\tRead more<span class=\"screen-reader-text\"> Final Gala on October 29, 2022<\/span><span class=\"kadence-svg-iconset svg-baseline\"><svg aria-hidden=\"true\" class=\"kadence-svg-icon kadence-arrow-right-alt-svg\" fill=\"currentColor\" version=\"1.1\" xmlns=\"http:\/\/www.w3.org\/2000\/svg\" width=\"27\" height=\"28\" viewbox=\"0 0 27 28\"><title>Continue<\/title><path d=\"M27 13.953c0 0.141-0.063 0.281-0.156 0.375l-6 5.531c-0.156 0.141-0.359 0.172-0.547 0.094-0.172-0.078-0.297-0.25-0.297-0.453v-3.5h-19.5c-0.281 0-0.5-0.219-0.5-0.5v-3c0-0.281 0.219-0.5 0.5-0.5h19.5v-3.5c0-0.203 0.109-0.375 0.297-0.453s0.391-0.047 0.547 0.078l6 5.469c0.094 0.094 0.156 0.219 0.156 0.359v0z\"><\/path>\n\t\t\t<\/svg><\/span>\t\t\t\t<\/a>\n\t\t\t<\/p>\n\t\t<\/div><!-- .entry-actions -->\n\t\t<\/footer><!-- .entry-footer -->\t\t<\/div>\n\t<\/article>\n<\/li>\n<li class=\"kb-post-list-item\">\n\t<article class=\"entry content-bg loop-entry post-1475 post type-post status-publish format-standard has-post-thumbnail hentry category-uncategorized\">\n\t\t\t\t<a aria-hidden=\"true\" tabindex=\"-1\" role=\"presentation\" class=\"post-thumbnail kadence-thumbnail-ratio-1-1\" href=\"https:\/\/misswheelchairworld.org\/en\/miss-wheelchair-world-mexico-20022\/\" aria-label=\"Miss \u015awiata na w\u00f3zku &#8211; Meksyk 2022 ju\u017c wkr\u00f3tce\">\n\t\t\t<div class=\"post-thumbnail-inner\">\n\t\t\t\t<img loading=\"lazy\" decoding=\"async\" width=\"768\" height=\"513\" src=\"https:\/\/misswheelchairworld.org\/wp-content\/uploads\/2022\/10\/miss10-768x513.jpg\" class=\"attachment-medium_large size-medium_large wp-post-image\" alt=\"Miss \u015awiata na w\u00f3zku &#8211; Meksyk 2022 ju\u017c wkr\u00f3tce\" srcset=\"https:\/\/misswheelchairworld.org\/wp-content\/uploads\/2022\/10\/miss10-768x513.jpg 768w, https:\/\/misswheelchairworld.org\/wp-content\/uploads\/2022\/10\/miss10-300x200.jpg 300w, https:\/\/misswheelchairworld.org\/wp-content\/uploads\/2022\/10\/miss10-1024x683.jpg 1024w, https:\/\/misswheelchairworld.org\/wp-content\/uploads\/2022\/10\/miss10-18x12.jpg 18w, https:\/\/misswheelchairworld.org\/wp-content\/uploads\/2022\/10\/miss10.jpg 1500w\" sizes=\"auto, (max-width: 768px) 100vw, 768px\" \/>\t\t\t<\/div>\n\t\t<\/a><!-- .post-thumbnail -->\n\t\t\t\t<div class=\"entry-content-wrap\">\n\t\t\t<header class=\"entry-header\">\n\t<h3 class=\"entry-title\"><a href=\"https:\/\/misswheelchairworld.org\/en\/miss-wheelchair-world-mexico-20022\/\" rel=\"bookmark\">Miss Wheelchair World -Mexico, coming soon<\/a><\/h3>\t<div class=\"entry-meta entry-meta-divider-dot\">\n\t\t\t\t<span class=\"posted-on\">\n\t\t\t\t<span class=\"meta-label\">Wpis<\/span><time class=\"entry-date published\" datetime=\"2022-10-09T23:50:13+02:00\">09\/10\/2022<\/time><time class=\"updated\" datetime=\"2023-03-20T04:47:08+01:00\">20\/03\/2023<\/time>\t\t\t<\/span>\n\t\t\t\t<\/div><!-- .entry-meta -->\n\t<\/header><!-- .entry-header -->\n\t<div class=\"entry-summary\">\n\t\t<p>Miss Wheelchair World \u2013 Mexico 2022 is coming soon! The Miss Wheelchair World initiative is a competition aimed at changing the perception\u2026<\/p>\n\t<\/div><!-- .entry-summary -->\n\t<footer class=\"entry-footer\">\n\t\t\t<div class=\"entry-actions\">\n\t\t\t<p class=\"more-link-wrap\">\n\t\t\t\t<a href=\"https:\/\/misswheelchairworld.org\/en\/miss-wheelchair-world-mexico-20022\/\" class=\"post-more-link\">\n\t\t\t\t\tRead more<span class=\"screen-reader-text\"> Miss Wheelchair World -Mexico, coming soon<\/span><span class=\"kadence-svg-iconset svg-baseline\"><svg aria-hidden=\"true\" class=\"kadence-svg-icon kadence-arrow-right-alt-svg\" fill=\"currentColor\" version=\"1.1\" xmlns=\"http:\/\/www.w3.org\/2000\/svg\" width=\"27\" height=\"28\" viewbox=\"0 0 27 28\"><title>Continue<\/title><path d=\"M27 13.953c0 0.141-0.063 0.281-0.156 0.375l-6 5.531c-0.156 0.141-0.359 0.172-0.547 0.094-0.172-0.078-0.297-0.25-0.297-0.453v-3.5h-19.5c-0.281 0-0.5-0.219-0.5-0.5v-3c0-0.281 0.219-0.5 0.5-0.5h19.5v-3.5c0-0.203 0.109-0.375 0.297-0.453s0.391-0.047 0.547 0.078l6 5.469c0.094 0.094 0.156 0.219 0.156 0.359v0z\"><\/path>\n\t\t\t<\/svg><\/span>\t\t\t\t<\/a>\n\t\t\t<\/p>\n\t\t<\/div><!-- .entry-actions -->\n\t\t<\/footer><!-- .entry-footer -->\t\t<\/div>\n\t<\/article>\n<\/li>\n<li class=\"kb-post-list-item\">\n\t<article class=\"entry content-bg loop-entry post-1497 post type-post status-publish format-standard has-post-thumbnail hentry category-uncategorized\">\n\t\t\t\t<a aria-hidden=\"true\" tabindex=\"-1\" role=\"presentation\" class=\"post-thumbnail kadence-thumbnail-ratio-1-1\" href=\"https:\/\/misswheelchairworld.org\/en\/miss-wheelchair-world-edition-rosarito-2022\/\" aria-label=\"Miss \u015awiata na w\u00f3zku &#8211; edycja Rosarito 2022\">\n\t\t\t<div class=\"post-thumbnail-inner\">\n\t\t\t\t<img loading=\"lazy\" decoding=\"async\" width=\"768\" height=\"505\" src=\"https:\/\/misswheelchairworld.org\/wp-content\/uploads\/2022\/10\/miss52-768x505.jpg\" class=\"attachment-medium_large size-medium_large wp-post-image\" alt=\"Miss \u015awiata na w\u00f3zku &#8211; edycja Rosarito 2022\" srcset=\"https:\/\/misswheelchairworld.org\/wp-content\/uploads\/2022\/10\/miss52-768x505.jpg 768w, https:\/\/misswheelchairworld.org\/wp-content\/uploads\/2022\/10\/miss52-300x197.jpg 300w, https:\/\/misswheelchairworld.org\/wp-content\/uploads\/2022\/10\/miss52-1024x673.jpg 1024w, https:\/\/misswheelchairworld.org\/wp-content\/uploads\/2022\/10\/miss52-1536x1010.jpg 1536w, https:\/\/misswheelchairworld.org\/wp-content\/uploads\/2022\/10\/miss52-18x12.jpg 18w, https:\/\/misswheelchairworld.org\/wp-content\/uploads\/2022\/10\/miss52.jpg 2048w\" sizes=\"auto, (max-width: 768px) 100vw, 768px\" \/>\t\t\t<\/div>\n\t\t<\/a><!-- .post-thumbnail -->\n\t\t\t\t<div class=\"entry-content-wrap\">\n\t\t\t<header class=\"entry-header\">\n\t<h3 class=\"entry-title\"><a href=\"https:\/\/misswheelchairworld.org\/en\/miss-wheelchair-world-edition-rosarito-2022\/\" rel=\"bookmark\">Miss Wheelchair World - Rosarito edition 2022<\/a><\/h3>\t<div class=\"entry-meta entry-meta-divider-dot\">\n\t\t\t\t<span class=\"posted-on\">\n\t\t\t\t<span class=\"meta-label\">Wpis<\/span><time class=\"entry-date published\" datetime=\"2022-02-18T23:16:38+01:00\">18\/02\/2022<\/time><time class=\"updated\" datetime=\"2023-11-02T14:52:13+01:00\">02\/11\/2023<\/time>\t\t\t<\/span>\n\t\t\t\t<\/div><!-- .entry-meta -->\n\t<\/header><!-- .entry-header -->\n\t<div class=\"entry-summary\">\n\t\t<p>Miss Wheelchair World \u2013 Rosarito 2022 edition (Spanish) Miss Wheelchair World es una iniciativa de talla internacional y sin fines\u2026<\/p>\n\t<\/div><!-- .entry-summary -->\n\t<footer class=\"entry-footer\">\n\t\t\t<div class=\"entry-actions\">\n\t\t\t<p class=\"more-link-wrap\">\n\t\t\t\t<a href=\"https:\/\/misswheelchairworld.org\/en\/miss-wheelchair-world-edition-rosarito-2022\/\" class=\"post-more-link\">\n\t\t\t\t\tRead more<span class=\"screen-reader-text\"> Miss Wheelchair World - Rosarito edition 2022<\/span><span class=\"kadence-svg-iconset svg-baseline\"><svg aria-hidden=\"true\" class=\"kadence-svg-icon kadence-arrow-right-alt-svg\" fill=\"currentColor\" version=\"1.1\" xmlns=\"http:\/\/www.w3.org\/2000\/svg\" width=\"27\" height=\"28\" viewbox=\"0 0 27 28\"><title>Continue<\/title><path d=\"M27 13.953c0 0.141-0.063 0.281-0.156 0.375l-6 5.531c-0.156 0.141-0.359 0.172-0.547 0.094-0.172-0.078-0.297-0.25-0.297-0.453v-3.5h-19.5c-0.281 0-0.5-0.219-0.5-0.5v-3c0-0.281 0.219-0.5 0.5-0.5h19.5v-3.5c0-0.203 0.109-0.375 0.297-0.453s0.391-0.047 0.547 0.078l6 5.469c0.094 0.094 0.156 0.219 0.156 0.359v0z\"><\/path>\n\t\t\t<\/svg><\/span>\t\t\t\t<\/a>\n\t\t\t<\/p>\n\t\t<\/div><!-- .entry-actions -->\n\t\t<\/footer><!-- .entry-footer -->\t\t<\/div>\n\t<\/article>\n<\/li>\n<li class=\"kb-post-list-item\">\n\t<article class=\"entry content-bg loop-entry post-1541 post type-post status-publish format-standard has-post-thumbnail hentry category-uncategorized\">\n\t\t\t\t<a aria-hidden=\"true\" tabindex=\"-1\" role=\"presentation\" class=\"post-thumbnail kadence-thumbnail-ratio-1-1\" href=\"https:\/\/misswheelchairworld.org\/en\/help-knows-no-borders-project\/\" aria-label=\"Akcja &#8222;Pomoc nie zna granic&#8221;\">\n\t\t\t<div class=\"post-thumbnail-inner\">\n\t\t\t\t<img loading=\"lazy\" decoding=\"async\" width=\"280\" height=\"280\" src=\"https:\/\/misswheelchairworld.org\/wp-content\/uploads\/2022\/10\/help-knows-no-borders-project.png\" class=\"attachment-medium_large size-medium_large wp-post-image\" alt=\"Akcja &#8222;Pomoc nie zna granic&#8221;\" srcset=\"https:\/\/misswheelchairworld.org\/wp-content\/uploads\/2022\/10\/help-knows-no-borders-project.png 280w, https:\/\/misswheelchairworld.org\/wp-content\/uploads\/2022\/10\/help-knows-no-borders-project-150x150.png 150w, https:\/\/misswheelchairworld.org\/wp-content\/uploads\/2022\/10\/help-knows-no-borders-project-12x12.png 12w\" sizes=\"auto, (max-width: 280px) 100vw, 280px\" \/>\t\t\t<\/div>\n\t\t<\/a><!-- .post-thumbnail -->\n\t\t\t\t<div class=\"entry-content-wrap\">\n\t\t\t<header class=\"entry-header\">\n\t<h3 class=\"entry-title\"><a href=\"https:\/\/misswheelchairworld.org\/en\/help-knows-no-borders-project\/\" rel=\"bookmark\">\"Help knows no borders\" project<\/a><\/h3>\t<div class=\"entry-meta entry-meta-divider-dot\">\n\t\t\t\t<span class=\"posted-on\">\n\t\t\t\t<span class=\"meta-label\">Wpis<\/span><time class=\"entry-date published\" datetime=\"2018-01-18T10:50:35+01:00\">18\/01\/2018<\/time><time class=\"updated\" datetime=\"2023-11-02T14:53:01+01:00\">02\/11\/2023<\/time>\t\t\t<\/span>\n\t\t\t\t<\/div><!-- .entry-meta -->\n\t<\/header><!-- .entry-header -->\n\t<div class=\"entry-summary\">\n\t\t<p>The \"Help knows no boundaries\" campaign. The Only One Foundation, as part of the #MissionMissions campaign, joins Justyna Ku\u0142akowska's campaign -...<\/p>\n\t<\/div><!-- .entry-summary -->\n\t<footer class=\"entry-footer\">\n\t\t\t<div class=\"entry-actions\">\n\t\t\t<p class=\"more-link-wrap\">\n\t\t\t\t<a href=\"https:\/\/misswheelchairworld.org\/en\/help-knows-no-borders-project\/\" class=\"post-more-link\">\n\t\t\t\t\tRead more<span class=\"screen-reader-text\"> \"Help knows no borders\" project<\/span><span class=\"kadence-svg-iconset svg-baseline\"><svg aria-hidden=\"true\" class=\"kadence-svg-icon kadence-arrow-right-alt-svg\" fill=\"currentColor\" version=\"1.1\" xmlns=\"http:\/\/www.w3.org\/2000\/svg\" width=\"27\" height=\"28\" viewbox=\"0 0 27 28\"><title>Continue<\/title><path d=\"M27 13.953c0 0.141-0.063 0.281-0.156 0.375l-6 5.531c-0.156 0.141-0.359 0.172-0.547 0.094-0.172-0.078-0.297-0.25-0.297-0.453v-3.5h-19.5c-0.281 0-0.5-0.219-0.5-0.5v-3c0-0.281 0.219-0.5 0.5-0.5h19.5v-3.5c0-0.203 0.109-0.375 0.297-0.453s0.391-0.047 0.547 0.078l6 5.469c0.094 0.094 0.156 0.219 0.156 0.359v0z\"><\/path>\n\t\t\t<\/svg><\/span>\t\t\t\t<\/a>\n\t\t\t<\/p>\n\t\t<\/div><!-- .entry-actions -->\n\t\t<\/footer><!-- .entry-footer -->\t\t<\/div>\n\t<\/article>\n<\/li>\n<li class=\"kb-post-list-item\">\n\t<article class=\"entry content-bg loop-entry post-1623 post type-post status-publish format-standard has-post-thumbnail hentry category-uncategorized\">\n\t\t\t\t<a aria-hidden=\"true\" tabindex=\"-1\" role=\"presentation\" class=\"post-thumbnail kadence-thumbnail-ratio-1-1\" href=\"https:\/\/misswheelchairworld.org\/en\/calendar-miss-wheelchair-world-is-on-sale\/\" aria-label=\"Calendar Miss Wheelchair World on sale!\">\n\t\t\t<div class=\"post-thumbnail-inner\">\n\t\t\t\t<img loading=\"lazy\" decoding=\"async\" width=\"280\" height=\"395\" src=\"https:\/\/misswheelchairworld.org\/wp-content\/uploads\/2022\/10\/kalendarz-1_min.jpg\" class=\"attachment-medium_large size-medium_large wp-post-image\" alt=\"Kalendarze Miss \u015awiata na w\u00f3zku w sprzeda\u017cy\" srcset=\"https:\/\/misswheelchairworld.org\/wp-content\/uploads\/2022\/10\/kalendarz-1_min.jpg 280w, https:\/\/misswheelchairworld.org\/wp-content\/uploads\/2022\/10\/kalendarz-1_min-213x300.jpg 213w, https:\/\/misswheelchairworld.org\/wp-content\/uploads\/2022\/10\/kalendarz-1_min-9x12.jpg 9w\" sizes=\"auto, (max-width: 280px) 100vw, 280px\" \/>\t\t\t<\/div>\n\t\t<\/a><!-- .post-thumbnail -->\n\t\t\t\t<div class=\"entry-content-wrap\">\n\t\t\t<header class=\"entry-header\">\n\t<h3 class=\"entry-title\"><a href=\"https:\/\/misswheelchairworld.org\/en\/calendar-miss-wheelchair-world-is-on-sale\/\" rel=\"bookmark\">Calendar Miss Wheelchair World on sale!<\/a><\/h3>\t<div class=\"entry-meta entry-meta-divider-dot\">\n\t\t\t\t<span class=\"posted-on\">\n\t\t\t\t<span class=\"meta-label\">Wpis<\/span><time class=\"entry-date published\" datetime=\"2017-12-21T13:26:16+01:00\">21\/12\/2017<\/time><time class=\"updated\" datetime=\"2023-11-02T14:53:55+01:00\">02\/11\/2023<\/time>\t\t\t<\/span>\n\t\t\t\t<\/div><!-- .entry-meta -->\n\t<\/header><!-- .entry-header -->\n\t<div class=\"entry-summary\">\n\t\t<p>Miss World wheelchair calendars on sale! The calendar with the Miss Wheelchair World finalists for 2018 is now on sale! Do you want to purchase\u2026<\/p>\n\t<\/div><!-- .entry-summary -->\n\t<footer class=\"entry-footer\">\n\t\t\t<div class=\"entry-actions\">\n\t\t\t<p class=\"more-link-wrap\">\n\t\t\t\t<a href=\"https:\/\/misswheelchairworld.org\/en\/calendar-miss-wheelchair-world-is-on-sale\/\" class=\"post-more-link\">\n\t\t\t\t\tRead more<span class=\"screen-reader-text\"> Calendar Miss Wheelchair World on sale!<\/span><span class=\"kadence-svg-iconset svg-baseline\"><svg aria-hidden=\"true\" class=\"kadence-svg-icon kadence-arrow-right-alt-svg\" fill=\"currentColor\" version=\"1.1\" xmlns=\"http:\/\/www.w3.org\/2000\/svg\" width=\"27\" height=\"28\" viewbox=\"0 0 27 28\"><title>Continue<\/title><path d=\"M27 13.953c0 0.141-0.063 0.281-0.156 0.375l-6 5.531c-0.156 0.141-0.359 0.172-0.547 0.094-0.172-0.078-0.297-0.25-0.297-0.453v-3.5h-19.5c-0.281 0-0.5-0.219-0.5-0.5v-3c0-0.281 0.219-0.5 0.5-0.5h19.5v-3.5c0-0.203 0.109-0.375 0.297-0.453s0.391-0.047 0.547 0.078l6 5.469c0.094 0.094 0.156 0.219 0.156 0.359v0z\"><\/path>\n\t\t\t<\/svg><\/span>\t\t\t\t<\/a>\n\t\t\t<\/p>\n\t\t<\/div><!-- .entry-actions -->\n\t\t<\/footer><!-- .entry-footer -->\t\t<\/div>\n\t<\/article>\n<\/li>\n<li class=\"kb-post-list-item\">\n\t<article class=\"entry content-bg loop-entry post-1650 post type-post status-publish format-standard has-post-thumbnail hentry category-uncategorized\">\n\t\t\t\t<a aria-hidden=\"true\" tabindex=\"-1\" role=\"presentation\" class=\"post-thumbnail kadence-thumbnail-ratio-1-1\" href=\"https:\/\/misswheelchairworld.org\/en\/4th-ep-of-persons-with-disabilities\/\" aria-label=\"4th EP of Persons with Disabilities\">\n\t\t\t<div class=\"post-thumbnail-inner\">\n\t\t\t\t<img loading=\"lazy\" decoding=\"async\" width=\"280\" height=\"222\" src=\"https:\/\/misswheelchairworld.org\/wp-content\/uploads\/2022\/10\/24059005_1634927643197156_3522942821734275833_n-kopia_min.png\" class=\"attachment-medium_large size-medium_large wp-post-image\" alt=\"IV Europejski Parlament Os\u00f3b Niepe\u0142nosprawnych\" srcset=\"https:\/\/misswheelchairworld.org\/wp-content\/uploads\/2022\/10\/24059005_1634927643197156_3522942821734275833_n-kopia_min.png 280w, https:\/\/misswheelchairworld.org\/wp-content\/uploads\/2022\/10\/24059005_1634927643197156_3522942821734275833_n-kopia_min-15x12.png 15w\" sizes=\"auto, (max-width: 280px) 100vw, 280px\" \/>\t\t\t<\/div>\n\t\t<\/a><!-- .post-thumbnail -->\n\t\t\t\t<div class=\"entry-content-wrap\">\n\t\t\t<header class=\"entry-header\">\n\t<h3 class=\"entry-title\"><a href=\"https:\/\/misswheelchairworld.org\/en\/4th-ep-of-persons-with-disabilities\/\" rel=\"bookmark\">4th EP of Persons with Disabilities<\/a><\/h3>\t<div class=\"entry-meta entry-meta-divider-dot\">\n\t\t\t\t<span class=\"posted-on\">\n\t\t\t\t<span class=\"meta-label\">Wpis<\/span><time class=\"entry-date published\" datetime=\"2017-11-30T14:54:00+01:00\">30\/11\/2017<\/time><time class=\"updated\" datetime=\"2023-11-02T14:54:31+01:00\">02\/11\/2023<\/time>\t\t\t<\/span>\n\t\t\t\t<\/div><!-- .entry-meta -->\n\t<\/header><!-- .entry-header -->\n\t<div class=\"entry-summary\">\n\t\t<p>4th European Parliament of Disabled People On December 6, the 4th European Parliament of Disabled People will be held in Brussels, the aim of which is to develop\u2026<\/p>\n\t<\/div><!-- .entry-summary -->\n\t<footer class=\"entry-footer\">\n\t\t\t<div class=\"entry-actions\">\n\t\t\t<p class=\"more-link-wrap\">\n\t\t\t\t<a href=\"https:\/\/misswheelchairworld.org\/en\/4th-ep-of-persons-with-disabilities\/\" class=\"post-more-link\">\n\t\t\t\t\tRead more<span class=\"screen-reader-text\"> 4th EP of Persons with Disabilities<\/span><span class=\"kadence-svg-iconset svg-baseline\"><svg aria-hidden=\"true\" class=\"kadence-svg-icon kadence-arrow-right-alt-svg\" fill=\"currentColor\" version=\"1.1\" xmlns=\"http:\/\/www.w3.org\/2000\/svg\" width=\"27\" height=\"28\" viewbox=\"0 0 27 28\"><title>Continue<\/title><path d=\"M27 13.953c0 0.141-0.063 0.281-0.156 0.375l-6 5.531c-0.156 0.141-0.359 0.172-0.547 0.094-0.172-0.078-0.297-0.25-0.297-0.453v-3.5h-19.5c-0.281 0-0.5-0.219-0.5-0.5v-3c0-0.281 0.219-0.5 0.5-0.5h19.5v-3.5c0-0.203 0.109-0.375 0.297-0.453s0.391-0.047 0.547 0.078l6 5.469c0.094 0.094 0.156 0.219 0.156 0.359v0z\"><\/path>\n\t\t\t<\/svg><\/span>\t\t\t\t<\/a>\n\t\t\t<\/p>\n\t\t<\/div><!-- .entry-actions -->\n\t\t<\/footer><!-- .entry-footer -->\t\t<\/div>\n\t<\/article>\n<\/li>\n<li class=\"kb-post-list-item\">\n\t<article class=\"entry content-bg loop-entry post-1666 post type-post status-publish format-standard has-post-thumbnail hentry category-uncategorized\">\n\t\t\t\t<a aria-hidden=\"true\" tabindex=\"-1\" role=\"presentation\" class=\"post-thumbnail kadence-thumbnail-ratio-1-1\" href=\"https:\/\/misswheelchairworld.org\/en\/announcement-of-the-calendar\/\" aria-label=\"Announcement of the calendar\">\n\t\t\t<div class=\"post-thumbnail-inner\">\n\t\t\t\t<img loading=\"lazy\" decoding=\"async\" width=\"280\" height=\"280\" src=\"https:\/\/misswheelchairworld.org\/wp-content\/uploads\/2022\/10\/1200x1200en_1_min.jpg\" class=\"attachment-medium_large size-medium_large wp-post-image\" alt=\"Zapowied\u017a kalendarza\" srcset=\"https:\/\/misswheelchairworld.org\/wp-content\/uploads\/2022\/10\/1200x1200en_1_min.jpg 280w, https:\/\/misswheelchairworld.org\/wp-content\/uploads\/2022\/10\/1200x1200en_1_min-150x150.jpg 150w, https:\/\/misswheelchairworld.org\/wp-content\/uploads\/2022\/10\/1200x1200en_1_min-12x12.jpg 12w\" sizes=\"auto, (max-width: 280px) 100vw, 280px\" \/>\t\t\t<\/div>\n\t\t<\/a><!-- .post-thumbnail -->\n\t\t\t\t<div class=\"entry-content-wrap\">\n\t\t\t<header class=\"entry-header\">\n\t<h3 class=\"entry-title\"><a href=\"https:\/\/misswheelchairworld.org\/en\/announcement-of-the-calendar\/\" rel=\"bookmark\">Announcement of the calendar<\/a><\/h3>\t<div class=\"entry-meta entry-meta-divider-dot\">\n\t\t\t\t<span class=\"posted-on\">\n\t\t\t\t<span class=\"meta-label\">Wpis<\/span><time class=\"entry-date published\" datetime=\"2017-11-15T15:31:38+01:00\">15\/11\/2017<\/time><time class=\"updated\" datetime=\"2023-11-02T14:55:13+01:00\">02\/11\/2023<\/time>\t\t\t<\/span>\n\t\t\t\t<\/div><!-- .entry-meta -->\n\t<\/header><!-- .entry-header -->\n\t<div class=\"entry-summary\">\n\t\t<p>Calendar announcement Work on the release of the calendar with the Miss Wheelchair World 2017 Finalists is in progress. Here's a little sneak peek of what you can expect...<\/p>\n\t<\/div><!-- .entry-summary -->\n\t<footer class=\"entry-footer\">\n\t\t\t<div class=\"entry-actions\">\n\t\t\t<p class=\"more-link-wrap\">\n\t\t\t\t<a href=\"https:\/\/misswheelchairworld.org\/en\/announcement-of-the-calendar\/\" class=\"post-more-link\">\n\t\t\t\t\tRead more<span class=\"screen-reader-text\"> Announcement of the calendar<\/span><span class=\"kadence-svg-iconset svg-baseline\"><svg aria-hidden=\"true\" class=\"kadence-svg-icon kadence-arrow-right-alt-svg\" fill=\"currentColor\" version=\"1.1\" xmlns=\"http:\/\/www.w3.org\/2000\/svg\" width=\"27\" height=\"28\" viewbox=\"0 0 27 28\"><title>Continue<\/title><path d=\"M27 13.953c0 0.141-0.063 0.281-0.156 0.375l-6 5.531c-0.156 0.141-0.359 0.172-0.547 0.094-0.172-0.078-0.297-0.25-0.297-0.453v-3.5h-19.5c-0.281 0-0.5-0.219-0.5-0.5v-3c0-0.281 0.219-0.5 0.5-0.5h19.5v-3.5c0-0.203 0.109-0.375 0.297-0.453s0.391-0.047 0.547 0.078l6 5.469c0.094 0.094 0.156 0.219 0.156 0.359v0z\"><\/path>\n\t\t\t<\/svg><\/span>\t\t\t\t<\/a>\n\t\t\t<\/p>\n\t\t<\/div><!-- .entry-actions -->\n\t\t<\/footer><!-- .entry-footer -->\t\t<\/div>\n\t<\/article>\n<\/li>\n<li class=\"kb-post-list-item\">\n\t<article class=\"entry content-bg loop-entry post-2387 post type-post status-publish format-standard has-post-thumbnail hentry category-uncategorized\">\n\t\t\t\t<a aria-hidden=\"true\" tabindex=\"-1\" role=\"presentation\" class=\"post-thumbnail kadence-thumbnail-ratio-1-1\" href=\"https:\/\/misswheelchairworld.org\/en\/podziekowania-dla-partnerow\/\" aria-label=\"Partners&#039; thanks\">\n\t\t\t<div class=\"post-thumbnail-inner\">\n\t\t\t\t<img loading=\"lazy\" decoding=\"async\" width=\"280\" height=\"280\" src=\"https:\/\/misswheelchairworld.org\/wp-content\/uploads\/2022\/10\/partnerzy_4_min-1.jpg\" class=\"attachment-medium_large size-medium_large wp-post-image\" alt=\"Podzi\u0119kowania dla partner\u00f3w\" srcset=\"https:\/\/misswheelchairworld.org\/wp-content\/uploads\/2022\/10\/partnerzy_4_min-1.jpg 280w, https:\/\/misswheelchairworld.org\/wp-content\/uploads\/2022\/10\/partnerzy_4_min-1-150x150.jpg 150w, https:\/\/misswheelchairworld.org\/wp-content\/uploads\/2022\/10\/partnerzy_4_min-1-12x12.jpg 12w\" sizes=\"auto, (max-width: 280px) 100vw, 280px\" \/>\t\t\t<\/div>\n\t\t<\/a><!-- .post-thumbnail -->\n\t\t\t\t<div class=\"entry-content-wrap\">\n\t\t\t<header class=\"entry-header\">\n\t<h3 class=\"entry-title\"><a href=\"https:\/\/misswheelchairworld.org\/en\/podziekowania-dla-partnerow\/\" rel=\"bookmark\">Partners' thanks<\/a><\/h3>\t<div class=\"entry-meta entry-meta-divider-dot\">\n\t\t\t\t<span class=\"posted-on\">\n\t\t\t\t<span class=\"meta-label\">Wpis<\/span><time class=\"entry-date published\" datetime=\"2017-10-25T09:44:43+02:00\">25\/10\/2017<\/time><time class=\"updated\" datetime=\"2023-11-02T14:56:14+01:00\">02\/11\/2023<\/time>\t\t\t<\/span>\n\t\t\t\t<\/div><!-- .entry-meta -->\n\t<\/header><!-- .entry-header -->\n\t<div class=\"entry-summary\">\n\t\t<p>Thanks to partners The Jedyna Taka Foundation would like to thank all partners of the Miss Wheelchair World 2017 election for their kindness, help and support of our\u2026<\/p>\n\t<\/div><!-- .entry-summary -->\n\t<footer class=\"entry-footer\">\n\t\t\t<div class=\"entry-actions\">\n\t\t\t<p class=\"more-link-wrap\">\n\t\t\t\t<a href=\"https:\/\/misswheelchairworld.org\/en\/podziekowania-dla-partnerow\/\" class=\"post-more-link\">\n\t\t\t\t\tRead more<span class=\"screen-reader-text\"> Partners' thanks<\/span><span class=\"kadence-svg-iconset svg-baseline\"><svg aria-hidden=\"true\" class=\"kadence-svg-icon kadence-arrow-right-alt-svg\" fill=\"currentColor\" version=\"1.1\" xmlns=\"http:\/\/www.w3.org\/2000\/svg\" width=\"27\" height=\"28\" viewbox=\"0 0 27 28\"><title>Continue<\/title><path d=\"M27 13.953c0 0.141-0.063 0.281-0.156 0.375l-6 5.531c-0.156 0.141-0.359 0.172-0.547 0.094-0.172-0.078-0.297-0.25-0.297-0.453v-3.5h-19.5c-0.281 0-0.5-0.219-0.5-0.5v-3c0-0.281 0.219-0.5 0.5-0.5h19.5v-3.5c0-0.203 0.109-0.375 0.297-0.453s0.391-0.047 0.547 0.078l6 5.469c0.094 0.094 0.156 0.219 0.156 0.359v0z\"><\/path>\n\t\t\t<\/svg><\/span>\t\t\t\t<\/a>\n\t\t\t<\/p>\n\t\t<\/div><!-- .entry-actions -->\n\t\t<\/footer><!-- .entry-footer -->\t\t<\/div>\n\t<\/article>\n<\/li>\n<li class=\"kb-post-list-item\">\n\t<article class=\"entry content-bg loop-entry post-1714 post type-post status-publish format-standard has-post-thumbnail hentry category-uncategorized\">\n\t\t\t\t<a aria-hidden=\"true\" tabindex=\"-1\" role=\"presentation\" class=\"post-thumbnail kadence-thumbnail-ratio-1-1\" href=\"https:\/\/misswheelchairworld.org\/en\/1714\/\" aria-label=\"Miss Wheelchair World 2017 Results Proclamation\">\n\t\t\t<div class=\"post-thumbnail-inner\">\n\t\t\t\t<img loading=\"lazy\" decoding=\"async\" width=\"768\" height=\"1154\" src=\"https:\/\/misswheelchairworld.org\/wp-content\/uploads\/2022\/10\/Miss-Wheelchair-World-2017-Results-Proclamation50-768x1154.jpg\" class=\"attachment-medium_large size-medium_large wp-post-image\" alt=\"Og\u0142oszenie wynik\u00f3w Miss \u015awiata na W\u00f3zku 2017\" srcset=\"https:\/\/misswheelchairworld.org\/wp-content\/uploads\/2022\/10\/Miss-Wheelchair-World-2017-Results-Proclamation50-768x1154.jpg 768w, https:\/\/misswheelchairworld.org\/wp-content\/uploads\/2022\/10\/Miss-Wheelchair-World-2017-Results-Proclamation50-200x300.jpg 200w, https:\/\/misswheelchairworld.org\/wp-content\/uploads\/2022\/10\/Miss-Wheelchair-World-2017-Results-Proclamation50-682x1024.jpg 682w, https:\/\/misswheelchairworld.org\/wp-content\/uploads\/2022\/10\/Miss-Wheelchair-World-2017-Results-Proclamation50-1022x1536.jpg 1022w, https:\/\/misswheelchairworld.org\/wp-content\/uploads\/2022\/10\/Miss-Wheelchair-World-2017-Results-Proclamation50-8x12.jpg 8w, https:\/\/misswheelchairworld.org\/wp-content\/uploads\/2022\/10\/Miss-Wheelchair-World-2017-Results-Proclamation50.jpg 1280w\" sizes=\"auto, (max-width: 768px) 100vw, 768px\" \/>\t\t\t<\/div>\n\t\t<\/a><!-- .post-thumbnail -->\n\t\t\t\t<div class=\"entry-content-wrap\">\n\t\t\t<header class=\"entry-header\">\n\t<h3 class=\"entry-title\"><a href=\"https:\/\/misswheelchairworld.org\/en\/1714\/\" rel=\"bookmark\">Miss Wheelchair World 2017 Results Proclamation<\/a><\/h3>\t<div class=\"entry-meta entry-meta-divider-dot\">\n\t\t\t\t<span class=\"posted-on\">\n\t\t\t\t<span class=\"meta-label\">Wpis<\/span><time class=\"entry-date published\" datetime=\"2017-10-08T16:24:02+02:00\">08\/10\/2017<\/time><time class=\"updated\" datetime=\"2023-11-02T15:03:58+01:00\">02\/11\/2023<\/time>\t\t\t<\/span>\n\t\t\t\t<\/div><!-- .entry-meta -->\n\t<\/header><!-- .entry-header -->\n\t<div class=\"entry-summary\">\n\t\t<p>Announcement of the results of Miss Wheelchair World 2017 Ladies and Gentlemen! The Only One Foundation would like to announce the results of the Miss Wheelchair World 2017 competition. Congratulations...<\/p>\n\t<\/div><!-- .entry-summary -->\n\t<footer class=\"entry-footer\">\n\t\t\t<div class=\"entry-actions\">\n\t\t\t<p class=\"more-link-wrap\">\n\t\t\t\t<a href=\"https:\/\/misswheelchairworld.org\/en\/1714\/\" class=\"post-more-link\">\n\t\t\t\t\tRead more<span class=\"screen-reader-text\"> Miss Wheelchair World 2017 Results Proclamation<\/span><span class=\"kadence-svg-iconset svg-baseline\"><svg aria-hidden=\"true\" class=\"kadence-svg-icon kadence-arrow-right-alt-svg\" fill=\"currentColor\" version=\"1.1\" xmlns=\"http:\/\/www.w3.org\/2000\/svg\" width=\"27\" height=\"28\" viewbox=\"0 0 27 28\"><title>Continue<\/title><path d=\"M27 13.953c0 0.141-0.063 0.281-0.156 0.375l-6 5.531c-0.156 0.141-0.359 0.172-0.547 0.094-0.172-0.078-0.297-0.25-0.297-0.453v-3.5h-19.5c-0.281 0-0.5-0.219-0.5-0.5v-3c0-0.281 0.219-0.5 0.5-0.5h19.5v-3.5c0-0.203 0.109-0.375 0.297-0.453s0.391-0.047 0.547 0.078l6 5.469c0.094 0.094 0.156 0.219 0.156 0.359v0z\"><\/path>\n\t\t\t<\/svg><\/span>\t\t\t\t<\/a>\n\t\t\t<\/p>\n\t\t<\/div><!-- .entry-actions -->\n\t\t<\/footer><!-- .entry-footer -->\t\t<\/div>\n\t<\/article>\n<\/li>\n<li class=\"kb-post-list-item\">\n\t<article class=\"entry content-bg loop-entry post-2225 post type-post status-publish format-standard has-post-thumbnail hentry category-uncategorized\">\n\t\t\t\t<a aria-hidden=\"true\" tabindex=\"-1\" role=\"presentation\" class=\"post-thumbnail kadence-thumbnail-ratio-1-1\" href=\"https:\/\/misswheelchairworld.org\/en\/wybierz-miss-popularnosci-na-wozku\/\" aria-label=\"Choose Miss Popularity in a Wheelchair\">\n\t\t\t<div class=\"post-thumbnail-inner\">\n\t\t\t\t<img loading=\"lazy\" decoding=\"async\" width=\"280\" height=\"212\" src=\"https:\/\/misswheelchairworld.org\/wp-content\/uploads\/2022\/10\/misspopularnosci_min.jpg\" class=\"attachment-medium_large size-medium_large wp-post-image\" alt=\"Wybierz Miss Popularno\u015bci na W\u00f3zku\" srcset=\"https:\/\/misswheelchairworld.org\/wp-content\/uploads\/2022\/10\/misspopularnosci_min.jpg 280w, https:\/\/misswheelchairworld.org\/wp-content\/uploads\/2022\/10\/misspopularnosci_min-16x12.jpg 16w\" sizes=\"auto, (max-width: 280px) 100vw, 280px\" \/>\t\t\t<\/div>\n\t\t<\/a><!-- .post-thumbnail -->\n\t\t\t\t<div class=\"entry-content-wrap\">\n\t\t\t<header class=\"entry-header\">\n\t<h3 class=\"entry-title\"><a href=\"https:\/\/misswheelchairworld.org\/en\/wybierz-miss-popularnosci-na-wozku\/\" rel=\"bookmark\">Choose Miss Popularity in a Wheelchair<\/a><\/h3>\t<div class=\"entry-meta entry-meta-divider-dot\">\n\t\t\t\t<span class=\"posted-on\">\n\t\t\t\t<span class=\"meta-label\">Wpis<\/span><time class=\"entry-date published\" datetime=\"2017-09-06T21:49:31+02:00\">06\/09\/2017<\/time><time class=\"updated\" datetime=\"2023-11-02T15:04:53+01:00\">02\/11\/2023<\/time>\t\t\t<\/span>\n\t\t\t\t<\/div><!-- .entry-meta -->\n\t<\/header><!-- .entry-header -->\n\t<div class=\"entry-summary\">\n\t\t<p>Choose Miss Popularity on a Wheelchair 2017. The organizer of the Miss Wheelchair World 2017 competition is the Jedyna Taka Foundation together with the co-organizer: the Capital City of Warsaw...<\/p>\n\t<\/div><!-- .entry-summary -->\n\t<footer class=\"entry-footer\">\n\t\t\t<div class=\"entry-actions\">\n\t\t\t<p class=\"more-link-wrap\">\n\t\t\t\t<a href=\"https:\/\/misswheelchairworld.org\/en\/wybierz-miss-popularnosci-na-wozku\/\" class=\"post-more-link\">\n\t\t\t\t\tRead more<span class=\"screen-reader-text\"> Choose Miss Popularity in a Wheelchair<\/span><span class=\"kadence-svg-iconset svg-baseline\"><svg aria-hidden=\"true\" class=\"kadence-svg-icon kadence-arrow-right-alt-svg\" fill=\"currentColor\" version=\"1.1\" xmlns=\"http:\/\/www.w3.org\/2000\/svg\" width=\"27\" height=\"28\" viewbox=\"0 0 27 28\"><title>Continue<\/title><path d=\"M27 13.953c0 0.141-0.063 0.281-0.156 0.375l-6 5.531c-0.156 0.141-0.359 0.172-0.547 0.094-0.172-0.078-0.297-0.25-0.297-0.453v-3.5h-19.5c-0.281 0-0.5-0.219-0.5-0.5v-3c0-0.281 0.219-0.5 0.5-0.5h19.5v-3.5c0-0.203 0.109-0.375 0.297-0.453s0.391-0.047 0.547 0.078l6 5.469c0.094 0.094 0.156 0.219 0.156 0.359v0z\"><\/path>\n\t\t\t<\/svg><\/span>\t\t\t\t<\/a>\n\t\t\t<\/p>\n\t\t<\/div><!-- .entry-actions -->\n\t\t<\/footer><!-- .entry-footer -->\t\t<\/div>\n\t<\/article>\n<\/li>\n<li class=\"kb-post-list-item\">\n\t<article class=\"entry content-bg loop-entry post-2214 post type-post status-publish format-standard has-post-thumbnail hentry category-uncategorized\">\n\t\t\t\t<a aria-hidden=\"true\" tabindex=\"-1\" role=\"presentation\" class=\"post-thumbnail kadence-thumbnail-ratio-1-1\" href=\"https:\/\/misswheelchairworld.org\/en\/sklad-oceniajacy-miss-swiata-na-wozku\/\" aria-label=\"The composition of the Jury evaluating Miss Wheelchair World\">\n\t\t\t<div class=\"post-thumbnail-inner\">\n\t\t\t\t<img loading=\"lazy\" decoding=\"async\" width=\"280\" height=\"395\" src=\"https:\/\/misswheelchairworld.org\/wp-content\/uploads\/2022\/10\/plakatmmw-wszystko-_min.jpg\" class=\"attachment-medium_large size-medium_large wp-post-image\" alt=\"Sk\u0142ad Jury oceniaj\u0105cy Miss \u015awiata na W\u00f3zku\" srcset=\"https:\/\/misswheelchairworld.org\/wp-content\/uploads\/2022\/10\/plakatmmw-wszystko-_min.jpg 280w, https:\/\/misswheelchairworld.org\/wp-content\/uploads\/2022\/10\/plakatmmw-wszystko-_min-213x300.jpg 213w, https:\/\/misswheelchairworld.org\/wp-content\/uploads\/2022\/10\/plakatmmw-wszystko-_min-9x12.jpg 9w\" sizes=\"auto, (max-width: 280px) 100vw, 280px\" \/>\t\t\t<\/div>\n\t\t<\/a><!-- .post-thumbnail -->\n\t\t\t\t<div class=\"entry-content-wrap\">\n\t\t\t<header class=\"entry-header\">\n\t<h3 class=\"entry-title\"><a href=\"https:\/\/misswheelchairworld.org\/en\/sklad-oceniajacy-miss-swiata-na-wozku\/\" rel=\"bookmark\">The composition of the Jury evaluating Miss Wheelchair World<\/a><\/h3>\t<div class=\"entry-meta entry-meta-divider-dot\">\n\t\t\t\t<span class=\"posted-on\">\n\t\t\t\t<span class=\"meta-label\">Wpis<\/span><time class=\"entry-date published\" datetime=\"2017-09-06T21:27:31+02:00\">06\/09\/2017<\/time><time class=\"updated\" datetime=\"2023-11-02T15:09:17+01:00\">02\/11\/2023<\/time>\t\t\t<\/span>\n\t\t\t\t<\/div><!-- .entry-meta -->\n\t<\/header><!-- .entry-header -->\n\t<div class=\"entry-summary\">\n\t\t<p>Jury assessing Miss Wheelchair 2017 The results were decided by the Jury composed of: Chairperson: Secretary: Members...<\/p>\n\t<\/div><!-- .entry-summary -->\n\t<footer class=\"entry-footer\">\n\t\t\t<div class=\"entry-actions\">\n\t\t\t<p class=\"more-link-wrap\">\n\t\t\t\t<a href=\"https:\/\/misswheelchairworld.org\/en\/sklad-oceniajacy-miss-swiata-na-wozku\/\" class=\"post-more-link\">\n\t\t\t\t\tRead more<span class=\"screen-reader-text\"> The composition of the Jury evaluating Miss Wheelchair World<\/span><span class=\"kadence-svg-iconset svg-baseline\"><svg aria-hidden=\"true\" class=\"kadence-svg-icon kadence-arrow-right-alt-svg\" fill=\"currentColor\" version=\"1.1\" xmlns=\"http:\/\/www.w3.org\/2000\/svg\" width=\"27\" height=\"28\" viewbox=\"0 0 27 28\"><title>Continue<\/title><path d=\"M27 13.953c0 0.141-0.063 0.281-0.156 0.375l-6 5.531c-0.156 0.141-0.359 0.172-0.547 0.094-0.172-0.078-0.297-0.25-0.297-0.453v-3.5h-19.5c-0.281 0-0.5-0.219-0.5-0.5v-3c0-0.281 0.219-0.5 0.5-0.5h19.5v-3.5c0-0.203 0.109-0.375 0.297-0.453s0.391-0.047 0.547 0.078l6 5.469c0.094 0.094 0.156 0.219 0.156 0.359v0z\"><\/path>\n\t\t\t<\/svg><\/span>\t\t\t\t<\/a>\n\t\t\t<\/p>\n\t\t<\/div><!-- .entry-actions -->\n\t\t<\/footer><!-- .entry-footer -->\t\t<\/div>\n\t<\/article>\n<\/li>\n<li class=\"kb-post-list-item\">\n\t<article class=\"entry content-bg loop-entry post-2259 post type-post status-publish format-standard has-post-thumbnail hentry category-uncategorized\">\n\t\t\t\t<a aria-hidden=\"true\" tabindex=\"-1\" role=\"presentation\" class=\"post-thumbnail kadence-thumbnail-ratio-1-1\" href=\"https:\/\/misswheelchairworld.org\/en\/regulamin-glosowania\/\" aria-label=\"Regulations of the voting\">\n\t\t\t<div class=\"post-thumbnail-inner\">\n\t\t\t\t<img loading=\"lazy\" decoding=\"async\" width=\"280\" height=\"280\" src=\"https:\/\/misswheelchairworld.org\/wp-content\/uploads\/2022\/10\/misspopul_min.jpg\" class=\"attachment-medium_large size-medium_large wp-post-image\" alt=\"Regulamin g\u0142osowania\" srcset=\"https:\/\/misswheelchairworld.org\/wp-content\/uploads\/2022\/10\/misspopul_min.jpg 280w, https:\/\/misswheelchairworld.org\/wp-content\/uploads\/2022\/10\/misspopul_min-150x150.jpg 150w, https:\/\/misswheelchairworld.org\/wp-content\/uploads\/2022\/10\/misspopul_min-12x12.jpg 12w\" sizes=\"auto, (max-width: 280px) 100vw, 280px\" \/>\t\t\t<\/div>\n\t\t<\/a><!-- .post-thumbnail -->\n\t\t\t\t<div class=\"entry-content-wrap\">\n\t\t\t<header class=\"entry-header\">\n\t<h3 class=\"entry-title\"><a href=\"https:\/\/misswheelchairworld.org\/en\/regulamin-glosowania\/\" rel=\"bookmark\">Regulations of the voting<\/a><\/h3>\t<div class=\"entry-meta entry-meta-divider-dot\">\n\t\t\t\t<span class=\"posted-on\">\n\t\t\t\t<span class=\"meta-label\">Wpis<\/span><time class=\"entry-date published\" datetime=\"2017-09-05T22:20:24+02:00\">05\/09\/2017<\/time><time class=\"updated\" datetime=\"2023-11-02T15:12:12+01:00\">02\/11\/2023<\/time>\t\t\t<\/span>\n\t\t\t\t<\/div><!-- .entry-meta -->\n\t<\/header><!-- .entry-header -->\n\t<div class=\"entry-summary\">\n\t\t<p>Voting regulations Voting regulations for Miss Popularity Wheelchair World 2017 via PayPal. I. PRELIMINARY PROVISIONS II. RULES OF USE OF THE WEBSITE\u2026<\/p>\n\t<\/div><!-- .entry-summary -->\n\t<footer class=\"entry-footer\">\n\t\t\t<div class=\"entry-actions\">\n\t\t\t<p class=\"more-link-wrap\">\n\t\t\t\t<a href=\"https:\/\/misswheelchairworld.org\/en\/regulamin-glosowania\/\" class=\"post-more-link\">\n\t\t\t\t\tRead more<span class=\"screen-reader-text\"> Regulations of the voting<\/span><span class=\"kadence-svg-iconset svg-baseline\"><svg aria-hidden=\"true\" class=\"kadence-svg-icon kadence-arrow-right-alt-svg\" fill=\"currentColor\" version=\"1.1\" xmlns=\"http:\/\/www.w3.org\/2000\/svg\" width=\"27\" height=\"28\" viewbox=\"0 0 27 28\"><title>Continue<\/title><path d=\"M27 13.953c0 0.141-0.063 0.281-0.156 0.375l-6 5.531c-0.156 0.141-0.359 0.172-0.547 0.094-0.172-0.078-0.297-0.25-0.297-0.453v-3.5h-19.5c-0.281 0-0.5-0.219-0.5-0.5v-3c0-0.281 0.219-0.5 0.5-0.5h19.5v-3.5c0-0.203 0.109-0.375 0.297-0.453s0.391-0.047 0.547 0.078l6 5.469c0.094 0.094 0.156 0.219 0.156 0.359v0z\"><\/path>\n\t\t\t<\/svg><\/span>\t\t\t\t<\/a>\n\t\t\t<\/p>\n\t\t<\/div><!-- .entry-actions -->\n\t\t<\/footer><!-- .entry-footer -->\t\t<\/div>\n\t<\/article>\n<\/li>\n<li class=\"kb-post-list-item\">\n\t<article class=\"entry content-bg loop-entry post-2270 post type-post status-publish format-standard has-post-thumbnail hentry category-uncategorized\">\n\t\t\t\t<a aria-hidden=\"true\" tabindex=\"-1\" role=\"presentation\" class=\"post-thumbnail kadence-thumbnail-ratio-1-1\" href=\"https:\/\/misswheelchairworld.org\/en\/finalistki-miss-swata-na-wozku-wybrane\/\" aria-label=\"Miss Wheelchair World finalists selected\">\n\t\t\t<div class=\"post-thumbnail-inner\">\n\t\t\t\t<img loading=\"lazy\" decoding=\"async\" width=\"280\" height=\"280\" src=\"https:\/\/misswheelchairworld.org\/wp-content\/uploads\/2022\/10\/misspopul_min.jpg\" class=\"attachment-medium_large size-medium_large wp-post-image\" alt=\"Finalistki Miss \u015awata na w\u00f3zku wybrane\" srcset=\"https:\/\/misswheelchairworld.org\/wp-content\/uploads\/2022\/10\/misspopul_min.jpg 280w, https:\/\/misswheelchairworld.org\/wp-content\/uploads\/2022\/10\/misspopul_min-150x150.jpg 150w, https:\/\/misswheelchairworld.org\/wp-content\/uploads\/2022\/10\/misspopul_min-12x12.jpg 12w\" sizes=\"auto, (max-width: 280px) 100vw, 280px\" \/>\t\t\t<\/div>\n\t\t<\/a><!-- .post-thumbnail -->\n\t\t\t\t<div class=\"entry-content-wrap\">\n\t\t\t<header class=\"entry-header\">\n\t<h3 class=\"entry-title\"><a href=\"https:\/\/misswheelchairworld.org\/en\/finalistki-miss-swata-na-wozku-wybrane\/\" rel=\"bookmark\">Miss Wheelchair World finalists selected<\/a><\/h3>\t<div class=\"entry-meta entry-meta-divider-dot\">\n\t\t\t\t<span class=\"posted-on\">\n\t\t\t\t<span class=\"meta-label\">Wpis<\/span><time class=\"entry-date published\" datetime=\"2017-08-22T22:43:43+02:00\">22\/08\/2017<\/time><time class=\"updated\" datetime=\"2023-11-02T15:16:56+01:00\">02\/11\/2023<\/time>\t\t\t<\/span>\n\t\t\t\t<\/div><!-- .entry-meta -->\n\t<\/header><!-- .entry-header -->\n\t<div class=\"entry-summary\">\n\t\t<p>Miss Wheelchair World finalists selected! Recruitment for the Miss Wheelchair World competition ended on August 20. Women from all over the world moving\u2026<\/p>\n\t<\/div><!-- .entry-summary -->\n\t<footer class=\"entry-footer\">\n\t\t\t<div class=\"entry-actions\">\n\t\t\t<p class=\"more-link-wrap\">\n\t\t\t\t<a href=\"https:\/\/misswheelchairworld.org\/en\/finalistki-miss-swata-na-wozku-wybrane\/\" class=\"post-more-link\">\n\t\t\t\t\tRead more<span class=\"screen-reader-text\"> Miss Wheelchair World finalists selected<\/span><span class=\"kadence-svg-iconset svg-baseline\"><svg aria-hidden=\"true\" class=\"kadence-svg-icon kadence-arrow-right-alt-svg\" fill=\"currentColor\" version=\"1.1\" xmlns=\"http:\/\/www.w3.org\/2000\/svg\" width=\"27\" height=\"28\" viewbox=\"0 0 27 28\"><title>Continue<\/title><path d=\"M27 13.953c0 0.141-0.063 0.281-0.156 0.375l-6 5.531c-0.156 0.141-0.359 0.172-0.547 0.094-0.172-0.078-0.297-0.25-0.297-0.453v-3.5h-19.5c-0.281 0-0.5-0.219-0.5-0.5v-3c0-0.281 0.219-0.5 0.5-0.5h19.5v-3.5c0-0.203 0.109-0.375 0.297-0.453s0.391-0.047 0.547 0.078l6 5.469c0.094 0.094 0.156 0.219 0.156 0.359v0z\"><\/path>\n\t\t\t<\/svg><\/span>\t\t\t\t<\/a>\n\t\t\t<\/p>\n\t\t<\/div><!-- .entry-actions -->\n\t\t<\/footer><!-- .entry-footer -->\t\t<\/div>\n\t<\/article>\n<\/li>\n<li class=\"kb-post-list-item\">\n\t<article class=\"entry content-bg loop-entry post-2282 post type-post status-publish format-standard has-post-thumbnail hentry category-uncategorized\">\n\t\t\t\t<a aria-hidden=\"true\" tabindex=\"-1\" role=\"presentation\" class=\"post-thumbnail kadence-thumbnail-ratio-1-1\" href=\"https:\/\/misswheelchairworld.org\/en\/najpiekniejsze-na-swiecie-z-charakterem\/\" aria-label=\"The most beautiful in the world with character\">\n\t\t\t<div class=\"post-thumbnail-inner\">\n\t\t\t\t<img loading=\"lazy\" decoding=\"async\" width=\"280\" height=\"420\" src=\"https:\/\/misswheelchairworld.org\/wp-content\/uploads\/2022\/10\/2013_min.jpg\" class=\"attachment-medium_large size-medium_large wp-post-image\" alt=\"Najpi\u0119kniejsze na \u015bwiecie z charakterem\" srcset=\"https:\/\/misswheelchairworld.org\/wp-content\/uploads\/2022\/10\/2013_min.jpg 280w, https:\/\/misswheelchairworld.org\/wp-content\/uploads\/2022\/10\/2013_min-200x300.jpg 200w, https:\/\/misswheelchairworld.org\/wp-content\/uploads\/2022\/10\/2013_min-8x12.jpg 8w\" sizes=\"auto, (max-width: 280px) 100vw, 280px\" \/>\t\t\t<\/div>\n\t\t<\/a><!-- .post-thumbnail -->\n\t\t\t\t<div class=\"entry-content-wrap\">\n\t\t\t<header class=\"entry-header\">\n\t<h3 class=\"entry-title\"><a href=\"https:\/\/misswheelchairworld.org\/en\/najpiekniejsze-na-swiecie-z-charakterem\/\" rel=\"bookmark\">The most beautiful in the world with character<\/a><\/h3>\t<div class=\"entry-meta entry-meta-divider-dot\">\n\t\t\t\t<span class=\"posted-on\">\n\t\t\t\t<span class=\"meta-label\">Wpis<\/span><time class=\"entry-date published\" datetime=\"2017-08-16T23:06:57+02:00\">16\/08\/2017<\/time><time class=\"updated\" datetime=\"2023-11-02T15:13:48+01:00\">02\/11\/2023<\/time>\t\t\t<\/span>\n\t\t\t\t<\/div><!-- .entry-meta -->\n\t<\/header><!-- .entry-header -->\n\t<div class=\"entry-summary\">\n\t\t<p>The most beautiful in the world with character... August 4 marked exactly four years since the first Miss Poland Wheelchair competition. It is in\u2026<\/p>\n\t<\/div><!-- .entry-summary -->\n\t<footer class=\"entry-footer\">\n\t\t\t<div class=\"entry-actions\">\n\t\t\t<p class=\"more-link-wrap\">\n\t\t\t\t<a href=\"https:\/\/misswheelchairworld.org\/en\/najpiekniejsze-na-swiecie-z-charakterem\/\" class=\"post-more-link\">\n\t\t\t\t\tRead more<span class=\"screen-reader-text\"> The most beautiful in the world with character<\/span><span class=\"kadence-svg-iconset svg-baseline\"><svg aria-hidden=\"true\" class=\"kadence-svg-icon kadence-arrow-right-alt-svg\" fill=\"currentColor\" version=\"1.1\" xmlns=\"http:\/\/www.w3.org\/2000\/svg\" width=\"27\" height=\"28\" viewbox=\"0 0 27 28\"><title>Continue<\/title><path d=\"M27 13.953c0 0.141-0.063 0.281-0.156 0.375l-6 5.531c-0.156 0.141-0.359 0.172-0.547 0.094-0.172-0.078-0.297-0.25-0.297-0.453v-3.5h-19.5c-0.281 0-0.5-0.219-0.5-0.5v-3c0-0.281 0.219-0.5 0.5-0.5h19.5v-3.5c0-0.203 0.109-0.375 0.297-0.453s0.391-0.047 0.547 0.078l6 5.469c0.094 0.094 0.156 0.219 0.156 0.359v0z\"><\/path>\n\t\t\t<\/svg><\/span>\t\t\t\t<\/a>\n\t\t\t<\/p>\n\t\t<\/div><!-- .entry-actions -->\n\t\t<\/footer><!-- .entry-footer -->\t\t<\/div>\n\t<\/article>\n<\/li>\n<li class=\"kb-post-list-item\">\n\t<article class=\"entry content-bg loop-entry post-2289 post type-post status-publish format-standard has-post-thumbnail hentry category-uncategorized\">\n\t\t\t\t<a aria-hidden=\"true\" tabindex=\"-1\" role=\"presentation\" class=\"post-thumbnail kadence-thumbnail-ratio-1-1\" href=\"https:\/\/misswheelchairworld.org\/en\/rekrutacja-do-konkursu-mww-konczy-sie-20-sierpnia\/\" aria-label=\"Recruitment for the MWW ends on August 20th\">\n\t\t\t<div class=\"post-thumbnail-inner\">\n\t\t\t\t<img loading=\"lazy\" decoding=\"async\" width=\"280\" height=\"396\" src=\"https:\/\/misswheelchairworld.org\/wp-content\/uploads\/2022\/10\/zakonczenie-rekrutacji_min.png\" class=\"attachment-medium_large size-medium_large wp-post-image\" alt=\"Rekrutacja do konkursu MWW ko\u0144czy si\u0119 20 sierpnia\" srcset=\"https:\/\/misswheelchairworld.org\/wp-content\/uploads\/2022\/10\/zakonczenie-rekrutacji_min.png 280w, https:\/\/misswheelchairworld.org\/wp-content\/uploads\/2022\/10\/zakonczenie-rekrutacji_min-212x300.png 212w, https:\/\/misswheelchairworld.org\/wp-content\/uploads\/2022\/10\/zakonczenie-rekrutacji_min-8x12.png 8w\" sizes=\"auto, (max-width: 280px) 100vw, 280px\" \/>\t\t\t<\/div>\n\t\t<\/a><!-- .post-thumbnail -->\n\t\t\t\t<div class=\"entry-content-wrap\">\n\t\t\t<header class=\"entry-header\">\n\t<h3 class=\"entry-title\"><a href=\"https:\/\/misswheelchairworld.org\/en\/rekrutacja-do-konkursu-mww-konczy-sie-20-sierpnia\/\" rel=\"bookmark\">Recruitment for the MWW ends on August 20th<\/a><\/h3>\t<div class=\"entry-meta entry-meta-divider-dot\">\n\t\t\t\t<span class=\"posted-on\">\n\t\t\t\t<span class=\"meta-label\">Wpis<\/span><time class=\"entry-date published\" datetime=\"2017-07-13T23:13:31+02:00\">13\/07\/2017<\/time><time class=\"updated\" datetime=\"2023-11-02T15:15:23+01:00\">02\/11\/2023<\/time>\t\t\t<\/span>\n\t\t\t\t<\/div><!-- .entry-meta -->\n\t<\/header><!-- .entry-header -->\n\t<div class=\"entry-summary\">\n\t\t<p>Recruitment for the MWW competition ends on August 20. As the organizers of the first ever Miss Wheelchair World pageant, we would like to remind you that recruitment\u2026<\/p>\n\t<\/div><!-- .entry-summary -->\n\t<footer class=\"entry-footer\">\n\t\t\t<div class=\"entry-actions\">\n\t\t\t<p class=\"more-link-wrap\">\n\t\t\t\t<a href=\"https:\/\/misswheelchairworld.org\/en\/rekrutacja-do-konkursu-mww-konczy-sie-20-sierpnia\/\" class=\"post-more-link\">\n\t\t\t\t\tRead more<span class=\"screen-reader-text\"> Recruitment for the MWW ends on August 20th<\/span><span class=\"kadence-svg-iconset svg-baseline\"><svg aria-hidden=\"true\" class=\"kadence-svg-icon kadence-arrow-right-alt-svg\" fill=\"currentColor\" version=\"1.1\" xmlns=\"http:\/\/www.w3.org\/2000\/svg\" width=\"27\" height=\"28\" viewbox=\"0 0 27 28\"><title>Continue<\/title><path d=\"M27 13.953c0 0.141-0.063 0.281-0.156 0.375l-6 5.531c-0.156 0.141-0.359 0.172-0.547 0.094-0.172-0.078-0.297-0.25-0.297-0.453v-3.5h-19.5c-0.281 0-0.5-0.219-0.5-0.5v-3c0-0.281 0.219-0.5 0.5-0.5h19.5v-3.5c0-0.203 0.109-0.375 0.297-0.453s0.391-0.047 0.547 0.078l6 5.469c0.094 0.094 0.156 0.219 0.156 0.359v0z\"><\/path>\n\t\t\t<\/svg><\/span>\t\t\t\t<\/a>\n\t\t\t<\/p>\n\t\t<\/div><!-- .entry-actions -->\n\t\t<\/footer><!-- .entry-footer -->\t\t<\/div>\n\t<\/article>\n<\/li>\n<li class=\"kb-post-list-item\">\n\t<article class=\"entry content-bg loop-entry post-2297 post type-post status-publish format-standard has-post-thumbnail hentry category-uncategorized\">\n\t\t\t\t<a aria-hidden=\"true\" tabindex=\"-1\" role=\"presentation\" class=\"post-thumbnail kadence-thumbnail-ratio-1-1\" href=\"https:\/\/misswheelchairworld.org\/en\/pytania-odnosnie-konkursu-miss-na-wozku\/\" aria-label=\"Questions about the Miss Wheelchair contest\">\n\t\t\t<div class=\"post-thumbnail-inner\">\n\t\t\t\t<img loading=\"lazy\" decoding=\"async\" width=\"280\" height=\"280\" src=\"https:\/\/misswheelchairworld.org\/wp-content\/uploads\/2022\/10\/pytania_min.jpg\" class=\"attachment-medium_large size-medium_large wp-post-image\" alt=\"Pytania odno\u015bnie konkursu Miss na W\u00f3zku\" srcset=\"https:\/\/misswheelchairworld.org\/wp-content\/uploads\/2022\/10\/pytania_min.jpg 280w, https:\/\/misswheelchairworld.org\/wp-content\/uploads\/2022\/10\/pytania_min-150x150.jpg 150w, https:\/\/misswheelchairworld.org\/wp-content\/uploads\/2022\/10\/pytania_min-12x12.jpg 12w\" sizes=\"auto, (max-width: 280px) 100vw, 280px\" \/>\t\t\t<\/div>\n\t\t<\/a><!-- .post-thumbnail -->\n\t\t\t\t<div class=\"entry-content-wrap\">\n\t\t\t<header class=\"entry-header\">\n\t<h3 class=\"entry-title\"><a href=\"https:\/\/misswheelchairworld.org\/en\/pytania-odnosnie-konkursu-miss-na-wozku\/\" rel=\"bookmark\">Questions about the Miss Wheelchair contest<\/a><\/h3>\t<div class=\"entry-meta entry-meta-divider-dot\">\n\t\t\t\t<span class=\"posted-on\">\n\t\t\t\t<span class=\"meta-label\">Wpis<\/span><time class=\"entry-date published\" datetime=\"2017-07-05T23:30:09+02:00\">05\/07\/2017<\/time><time class=\"updated\" datetime=\"2023-11-02T15:16:16+01:00\">02\/11\/2023<\/time>\t\t\t<\/span>\n\t\t\t\t<\/div><!-- .entry-meta -->\n\t<\/header><!-- .entry-header -->\n\t<div class=\"entry-summary\">\n\t\t<p>Questions about the Miss Wheelchair World competition Due to numerous questions about the Miss Wheelchair World competition, we have collected the most frequently asked questions...<\/p>\n\t<\/div><!-- .entry-summary -->\n\t<footer class=\"entry-footer\">\n\t\t\t<div class=\"entry-actions\">\n\t\t\t<p class=\"more-link-wrap\">\n\t\t\t\t<a href=\"https:\/\/misswheelchairworld.org\/en\/pytania-odnosnie-konkursu-miss-na-wozku\/\" class=\"post-more-link\">\n\t\t\t\t\tRead more<span class=\"screen-reader-text\"> Questions about the Miss Wheelchair contest<\/span><span class=\"kadence-svg-iconset svg-baseline\"><svg aria-hidden=\"true\" class=\"kadence-svg-icon kadence-arrow-right-alt-svg\" fill=\"currentColor\" version=\"1.1\" xmlns=\"http:\/\/www.w3.org\/2000\/svg\" width=\"27\" height=\"28\" viewbox=\"0 0 27 28\"><title>Continue<\/title><path d=\"M27 13.953c0 0.141-0.063 0.281-0.156 0.375l-6 5.531c-0.156 0.141-0.359 0.172-0.547 0.094-0.172-0.078-0.297-0.25-0.297-0.453v-3.5h-19.5c-0.281 0-0.5-0.219-0.5-0.5v-3c0-0.281 0.219-0.5 0.5-0.5h19.5v-3.5c0-0.203 0.109-0.375 0.297-0.453s0.391-0.047 0.547 0.078l6 5.469c0.094 0.094 0.156 0.219 0.156 0.359v0z\"><\/path>\n\t\t\t<\/svg><\/span>\t\t\t\t<\/a>\n\t\t\t<\/p>\n\t\t<\/div><!-- .entry-actions -->\n\t\t<\/footer><!-- .entry-footer -->\t\t<\/div>\n\t<\/article>\n<\/li>\n<li class=\"kb-post-list-item\">\n\t<article class=\"entry content-bg loop-entry post-2308 post type-post status-publish format-standard has-post-thumbnail hentry category-uncategorized\">\n\t\t\t\t<a aria-hidden=\"true\" tabindex=\"-1\" role=\"presentation\" class=\"post-thumbnail kadence-thumbnail-ratio-1-1\" href=\"https:\/\/misswheelchairworld.org\/en\/wesprzyj-organizacje-wyborow-miss-swiata-na-wozku\/\" aria-label=\"Support the Miss Wheelchair World organisation\">\n\t\t\t<div class=\"post-thumbnail-inner\">\n\t\t\t\t<img loading=\"lazy\" decoding=\"async\" width=\"280\" height=\"280\" src=\"https:\/\/misswheelchairworld.org\/wp-content\/uploads\/2022\/10\/polakang_min.png\" class=\"attachment-medium_large size-medium_large wp-post-image\" alt=\"Wesprzyj organizacj\u0119 wybor\u00f3w Miss \u015awiata na W\u00f3zku\" srcset=\"https:\/\/misswheelchairworld.org\/wp-content\/uploads\/2022\/10\/polakang_min.png 280w, https:\/\/misswheelchairworld.org\/wp-content\/uploads\/2022\/10\/polakang_min-150x150.png 150w, https:\/\/misswheelchairworld.org\/wp-content\/uploads\/2022\/10\/polakang_min-12x12.png 12w\" sizes=\"auto, (max-width: 280px) 100vw, 280px\" \/>\t\t\t<\/div>\n\t\t<\/a><!-- .post-thumbnail -->\n\t\t\t\t<div class=\"entry-content-wrap\">\n\t\t\t<header class=\"entry-header\">\n\t<h3 class=\"entry-title\"><a href=\"https:\/\/misswheelchairworld.org\/en\/wesprzyj-organizacje-wyborow-miss-swiata-na-wozku\/\" rel=\"bookmark\">Support the Miss Wheelchair World organisation<\/a><\/h3>\t<div class=\"entry-meta entry-meta-divider-dot\">\n\t\t\t\t<span class=\"posted-on\">\n\t\t\t\t<span class=\"meta-label\">Wpis<\/span><time class=\"entry-date published\" datetime=\"2017-06-28T23:51:32+02:00\">28\/06\/2017<\/time><time class=\"updated\" datetime=\"2023-11-02T15:17:44+01:00\">02\/11\/2023<\/time>\t\t\t<\/span>\n\t\t\t\t<\/div><!-- .entry-meta -->\n\t<\/header><!-- .entry-header -->\n\t<div class=\"entry-summary\">\n\t\t<p>Support the organization of the Miss World Wheelchair pageant Na Polak Pomoc has launched a campaign aimed at supporting the organization of the Miss World Wheelchair pageant\u2026<\/p>\n\t<\/div><!-- .entry-summary -->\n\t<footer class=\"entry-footer\">\n\t\t\t<div class=\"entry-actions\">\n\t\t\t<p class=\"more-link-wrap\">\n\t\t\t\t<a href=\"https:\/\/misswheelchairworld.org\/en\/wesprzyj-organizacje-wyborow-miss-swiata-na-wozku\/\" class=\"post-more-link\">\n\t\t\t\t\tRead more<span class=\"screen-reader-text\"> Support the Miss Wheelchair World organisation<\/span><span class=\"kadence-svg-iconset svg-baseline\"><svg aria-hidden=\"true\" class=\"kadence-svg-icon kadence-arrow-right-alt-svg\" fill=\"currentColor\" version=\"1.1\" xmlns=\"http:\/\/www.w3.org\/2000\/svg\" width=\"27\" height=\"28\" viewbox=\"0 0 27 28\"><title>Continue<\/title><path d=\"M27 13.953c0 0.141-0.063 0.281-0.156 0.375l-6 5.531c-0.156 0.141-0.359 0.172-0.547 0.094-0.172-0.078-0.297-0.25-0.297-0.453v-3.5h-19.5c-0.281 0-0.5-0.219-0.5-0.5v-3c0-0.281 0.219-0.5 0.5-0.5h19.5v-3.5c0-0.203 0.109-0.375 0.297-0.453s0.391-0.047 0.547 0.078l6 5.469c0.094 0.094 0.156 0.219 0.156 0.359v0z\"><\/path>\n\t\t\t<\/svg><\/span>\t\t\t\t<\/a>\n\t\t\t<\/p>\n\t\t<\/div><!-- .entry-actions -->\n\t\t<\/footer><!-- .entry-footer -->\t\t<\/div>\n\t<\/article>\n<\/li>\n<li class=\"kb-post-list-item\">\n\t<article class=\"entry content-bg loop-entry post-2318 post type-post status-publish format-standard has-post-thumbnail hentry category-uncategorized\">\n\t\t\t\t<a aria-hidden=\"true\" tabindex=\"-1\" role=\"presentation\" class=\"post-thumbnail kadence-thumbnail-ratio-1-1\" href=\"https:\/\/misswheelchairworld.org\/en\/wybory-miss-polski-na-wozku-2016\/\" aria-label=\"Miss Poland Wheelchair 2016 Pageant\">\n\t\t\t<div class=\"post-thumbnail-inner\">\n\t\t\t\t<img loading=\"lazy\" decoding=\"async\" width=\"300\" height=\"200\" src=\"https:\/\/misswheelchairworld.org\/wp-content\/uploads\/2022\/10\/zaw-326-_3_min.jpg\" class=\"attachment-medium_large size-medium_large wp-post-image\" alt=\"Wybory Miss Polski na W\u00f3zku 2016\" srcset=\"https:\/\/misswheelchairworld.org\/wp-content\/uploads\/2022\/10\/zaw-326-_3_min.jpg 300w, https:\/\/misswheelchairworld.org\/wp-content\/uploads\/2022\/10\/zaw-326-_3_min-18x12.jpg 18w\" sizes=\"auto, (max-width: 300px) 100vw, 300px\" \/>\t\t\t<\/div>\n\t\t<\/a><!-- .post-thumbnail -->\n\t\t\t\t<div class=\"entry-content-wrap\">\n\t\t\t<header class=\"entry-header\">\n\t<h3 class=\"entry-title\"><a href=\"https:\/\/misswheelchairworld.org\/en\/wybory-miss-polski-na-wozku-2016\/\" rel=\"bookmark\">Miss Poland Wheelchair 2016 Pageant<\/a><\/h3>\t<div class=\"entry-meta entry-meta-divider-dot\">\n\t\t\t\t<span class=\"posted-on\">\n\t\t\t\t<span class=\"meta-label\">Wpis<\/span><time class=\"entry-date published\" datetime=\"2016-10-25T00:11:48+02:00\">25\/10\/2016<\/time><time class=\"updated\" datetime=\"2023-11-02T15:19:00+01:00\">02\/11\/2023<\/time>\t\t\t<\/span>\n\t\t\t\t<\/div><!-- .entry-meta -->\n\t<\/header><!-- .entry-header -->\n\t<div class=\"entry-summary\">\n\t\t<p>Miss Poland Wheelchair 2016 pageant Are you still wondering whether to visit Poland on October 7, 2017 during the Miss World pageant in...<\/p>\n\t<\/div><!-- .entry-summary -->\n\t<footer class=\"entry-footer\">\n\t\t\t<div class=\"entry-actions\">\n\t\t\t<p class=\"more-link-wrap\">\n\t\t\t\t<a href=\"https:\/\/misswheelchairworld.org\/en\/wybory-miss-polski-na-wozku-2016\/\" class=\"post-more-link\">\n\t\t\t\t\tRead more<span class=\"screen-reader-text\"> Miss Poland Wheelchair 2016 Pageant<\/span><span class=\"kadence-svg-iconset svg-baseline\"><svg aria-hidden=\"true\" class=\"kadence-svg-icon kadence-arrow-right-alt-svg\" fill=\"currentColor\" version=\"1.1\" xmlns=\"http:\/\/www.w3.org\/2000\/svg\" width=\"27\" height=\"28\" viewbox=\"0 0 27 28\"><title>Continue<\/title><path d=\"M27 13.953c0 0.141-0.063 0.281-0.156 0.375l-6 5.531c-0.156 0.141-0.359 0.172-0.547 0.094-0.172-0.078-0.297-0.25-0.297-0.453v-3.5h-19.5c-0.281 0-0.5-0.219-0.5-0.5v-3c0-0.281 0.219-0.5 0.5-0.5h19.5v-3.5c0-0.203 0.109-0.375 0.297-0.453s0.391-0.047 0.547 0.078l6 5.469c0.094 0.094 0.156 0.219 0.156 0.359v0z\"><\/path>\n\t\t\t<\/svg><\/span>\t\t\t\t<\/a>\n\t\t\t<\/p>\n\t\t<\/div><!-- .entry-actions -->\n\t\t<\/footer><!-- .entry-footer -->\t\t<\/div>\n\t<\/article>\n<\/li>\n<li class=\"kb-post-list-item\">\n\t<article class=\"entry content-bg loop-entry post-2327 post type-post status-publish format-standard has-post-thumbnail hentry category-uncategorized\">\n\t\t\t\t<a aria-hidden=\"true\" tabindex=\"-1\" role=\"presentation\" class=\"post-thumbnail kadence-thumbnail-ratio-1-1\" href=\"https:\/\/misswheelchairworld.org\/en\/wybory-miss-swiata-na-wozku-juz-za-rok-07-10-2017\/\" aria-label=\"The Miss Wheelchair World pageant is next year 07.10.2017\">\n\t\t\t<div class=\"post-thumbnail-inner\">\n\t\t\t\t<img loading=\"lazy\" decoding=\"async\" width=\"299\" height=\"200\" src=\"https:\/\/misswheelchairworld.org\/wp-content\/uploads\/2022\/10\/ada-baryza_min.jpg\" class=\"attachment-medium_large size-medium_large wp-post-image\" alt=\"Wybory Miss \u015awiata na W\u00f3zku ju\u017c za rok 07.10.2017\" srcset=\"https:\/\/misswheelchairworld.org\/wp-content\/uploads\/2022\/10\/ada-baryza_min.jpg 299w, https:\/\/misswheelchairworld.org\/wp-content\/uploads\/2022\/10\/ada-baryza_min-18x12.jpg 18w\" sizes=\"auto, (max-width: 299px) 100vw, 299px\" \/>\t\t\t<\/div>\n\t\t<\/a><!-- .post-thumbnail -->\n\t\t\t\t<div class=\"entry-content-wrap\">\n\t\t\t<header class=\"entry-header\">\n\t<h3 class=\"entry-title\"><a href=\"https:\/\/misswheelchairworld.org\/en\/wybory-miss-swiata-na-wozku-juz-za-rok-07-10-2017\/\" rel=\"bookmark\">The Miss Wheelchair World pageant is next year 07.10.2017<\/a><\/h3>\t<div class=\"entry-meta entry-meta-divider-dot\">\n\t\t\t\t<span class=\"posted-on\">\n\t\t\t\t<span class=\"meta-label\">Wpis<\/span><time class=\"entry-date published\" datetime=\"2016-10-19T00:36:10+02:00\">19\/10\/2016<\/time><time class=\"updated\" datetime=\"2023-11-02T15:19:20+01:00\">02\/11\/2023<\/time>\t\t\t<\/span>\n\t\t\t\t<\/div><!-- .entry-meta -->\n\t<\/header><!-- .entry-header -->\n\t<div class=\"entry-summary\">\n\t\t<p>Miss Wheelchair World pageant in a year October 7, 2017 Exactly one year later, on October 7, 2017, the first ever Miss\u2026<\/p>\n\t<\/div><!-- .entry-summary -->\n\t<footer class=\"entry-footer\">\n\t\t\t<div class=\"entry-actions\">\n\t\t\t<p class=\"more-link-wrap\">\n\t\t\t\t<a href=\"https:\/\/misswheelchairworld.org\/en\/wybory-miss-swiata-na-wozku-juz-za-rok-07-10-2017\/\" class=\"post-more-link\">\n\t\t\t\t\tRead more<span class=\"screen-reader-text\"> The Miss Wheelchair World pageant is next year 07.10.2017<\/span><span class=\"kadence-svg-iconset svg-baseline\"><svg aria-hidden=\"true\" class=\"kadence-svg-icon kadence-arrow-right-alt-svg\" fill=\"currentColor\" version=\"1.1\" xmlns=\"http:\/\/www.w3.org\/2000\/svg\" width=\"27\" height=\"28\" viewbox=\"0 0 27 28\"><title>Continue<\/title><path d=\"M27 13.953c0 0.141-0.063 0.281-0.156 0.375l-6 5.531c-0.156 0.141-0.359 0.172-0.547 0.094-0.172-0.078-0.297-0.25-0.297-0.453v-3.5h-19.5c-0.281 0-0.5-0.219-0.5-0.5v-3c0-0.281 0.219-0.5 0.5-0.5h19.5v-3.5c0-0.203 0.109-0.375 0.297-0.453s0.391-0.047 0.547 0.078l6 5.469c0.094 0.094 0.156 0.219 0.156 0.359v0z\"><\/path>\n\t\t\t<\/svg><\/span>\t\t\t\t<\/a>\n\t\t\t<\/p>\n\t\t<\/div><!-- .entry-actions -->\n\t\t<\/footer><!-- .entry-footer -->\t\t<\/div>\n\t<\/article>\n<\/li>\n<li class=\"kb-post-list-item\">\n\t<article class=\"entry content-bg loop-entry post-2347 post type-post status-publish format-standard has-post-thumbnail hentry category-uncategorized\">\n\t\t\t\t<a aria-hidden=\"true\" tabindex=\"-1\" role=\"presentation\" class=\"post-thumbnail kadence-thumbnail-ratio-1-1\" href=\"https:\/\/misswheelchairworld.org\/en\/2347\/\" aria-label=\"Clip promoting Miss Wheelchair World\">\n\t\t\t<div class=\"post-thumbnail-inner\">\n\t\t\t\t<img loading=\"lazy\" decoding=\"async\" width=\"400\" height=\"200\" src=\"https:\/\/misswheelchairworld.org\/wp-content\/uploads\/2022\/10\/slubne_2_min.jpg\" class=\"attachment-medium_large size-medium_large wp-post-image\" alt=\"Klip promuj\u0105cy wybory Miss \u015awiata na W\u00f3zku\" srcset=\"https:\/\/misswheelchairworld.org\/wp-content\/uploads\/2022\/10\/slubne_2_min.jpg 400w, https:\/\/misswheelchairworld.org\/wp-content\/uploads\/2022\/10\/slubne_2_min-300x150.jpg 300w, https:\/\/misswheelchairworld.org\/wp-content\/uploads\/2022\/10\/slubne_2_min-18x9.jpg 18w\" sizes=\"auto, (max-width: 400px) 100vw, 400px\" \/>\t\t\t<\/div>\n\t\t<\/a><!-- .post-thumbnail -->\n\t\t\t\t<div class=\"entry-content-wrap\">\n\t\t\t<header class=\"entry-header\">\n\t<h3 class=\"entry-title\"><a href=\"https:\/\/misswheelchairworld.org\/en\/2347\/\" rel=\"bookmark\">Clip promoting Miss Wheelchair World<\/a><\/h3>\t<div class=\"entry-meta entry-meta-divider-dot\">\n\t\t\t\t<span class=\"posted-on\">\n\t\t\t\t<span class=\"meta-label\">Wpis<\/span><time class=\"entry-date published\" datetime=\"2016-09-30T08:33:44+02:00\">30\/09\/2016<\/time><time class=\"updated\" datetime=\"2023-11-02T15:21:04+01:00\">02\/11\/2023<\/time>\t\t\t<\/span>\n\t\t\t\t<\/div><!-- .entry-meta -->\n\t<\/header><!-- .entry-header -->\n\t<div class=\"entry-summary\">\n\t\t<p>A clip promoting the Miss World Wheelchair competition. The main theme of the clip was the wedding theme and showing that disability is not an obstacle to\u2026<\/p>\n\t<\/div><!-- .entry-summary -->\n\t<footer class=\"entry-footer\">\n\t\t\t<div class=\"entry-actions\">\n\t\t\t<p class=\"more-link-wrap\">\n\t\t\t\t<a href=\"https:\/\/misswheelchairworld.org\/en\/2347\/\" class=\"post-more-link\">\n\t\t\t\t\tRead more<span class=\"screen-reader-text\"> Clip promoting Miss Wheelchair World<\/span><span class=\"kadence-svg-iconset svg-baseline\"><svg aria-hidden=\"true\" class=\"kadence-svg-icon kadence-arrow-right-alt-svg\" fill=\"currentColor\" version=\"1.1\" xmlns=\"http:\/\/www.w3.org\/2000\/svg\" width=\"27\" height=\"28\" viewbox=\"0 0 27 28\"><title>Continue<\/title><path d=\"M27 13.953c0 0.141-0.063 0.281-0.156 0.375l-6 5.531c-0.156 0.141-0.359 0.172-0.547 0.094-0.172-0.078-0.297-0.25-0.297-0.453v-3.5h-19.5c-0.281 0-0.5-0.219-0.5-0.5v-3c0-0.281 0.219-0.5 0.5-0.5h19.5v-3.5c0-0.203 0.109-0.375 0.297-0.453s0.391-0.047 0.547 0.078l6 5.469c0.094 0.094 0.156 0.219 0.156 0.359v0z\"><\/path>\n\t\t\t<\/svg><\/span>\t\t\t\t<\/a>\n\t\t\t<\/p>\n\t\t<\/div><!-- .entry-actions -->\n\t\t<\/footer><!-- .entry-footer -->\t\t<\/div>\n\t<\/article>\n<\/li>\n<li class=\"kb-post-list-item\">\n\t<article class=\"entry content-bg loop-entry post-2357 post type-post status-publish format-standard has-post-thumbnail hentry category-uncategorized\">\n\t\t\t\t<a aria-hidden=\"true\" tabindex=\"-1\" role=\"presentation\" class=\"post-thumbnail kadence-thumbnail-ratio-1-1\" href=\"https:\/\/misswheelchairworld.org\/en\/2357\/\" aria-label=\"Miss Wheelchair Poland Final Gala\">\n\t\t\t<div class=\"post-thumbnail-inner\">\n\t\t\t\t<img loading=\"lazy\" decoding=\"async\" width=\"280\" height=\"393\" src=\"https:\/\/misswheelchairworld.org\/wp-content\/uploads\/2022\/10\/miss-plakat-2016-a4-rgb_min-1.jpg\" class=\"attachment-medium_large size-medium_large wp-post-image\" alt=\"Gala Fina\u0142owa Miss Polski na W\u00f3zku 2016\" srcset=\"https:\/\/misswheelchairworld.org\/wp-content\/uploads\/2022\/10\/miss-plakat-2016-a4-rgb_min-1.jpg 280w, https:\/\/misswheelchairworld.org\/wp-content\/uploads\/2022\/10\/miss-plakat-2016-a4-rgb_min-1-214x300.jpg 214w, https:\/\/misswheelchairworld.org\/wp-content\/uploads\/2022\/10\/miss-plakat-2016-a4-rgb_min-1-9x12.jpg 9w\" sizes=\"auto, (max-width: 280px) 100vw, 280px\" \/>\t\t\t<\/div>\n\t\t<\/a><!-- .post-thumbnail -->\n\t\t\t\t<div class=\"entry-content-wrap\">\n\t\t\t<header class=\"entry-header\">\n\t<h3 class=\"entry-title\"><a href=\"https:\/\/misswheelchairworld.org\/en\/2357\/\" rel=\"bookmark\">Miss Wheelchair Poland Final Gala<\/a><\/h3>\t<div class=\"entry-meta entry-meta-divider-dot\">\n\t\t\t\t<span class=\"posted-on\">\n\t\t\t\t<span class=\"meta-label\">Wpis<\/span><time class=\"entry-date published\" datetime=\"2016-07-16T08:50:05+02:00\">16\/07\/2016<\/time><time class=\"updated\" datetime=\"2023-11-02T15:22:04+01:00\">02\/11\/2023<\/time>\t\t\t<\/span>\n\t\t\t\t<\/div><!-- .entry-meta -->\n\t<\/header><!-- .entry-header -->\n\t<div class=\"entry-summary\">\n\t\t<p>Miss Poland Wheelchair 2016 Final Gala On July 16, at 8 p.m., the Bemowo Amphitheater in Warsaw will host the Gala\u2026<\/p>\n\t<\/div><!-- .entry-summary -->\n\t<footer class=\"entry-footer\">\n\t\t\t<div class=\"entry-actions\">\n\t\t\t<p class=\"more-link-wrap\">\n\t\t\t\t<a href=\"https:\/\/misswheelchairworld.org\/en\/2357\/\" class=\"post-more-link\">\n\t\t\t\t\tRead more<span class=\"screen-reader-text\"> Miss Wheelchair Poland Final Gala<\/span><span class=\"kadence-svg-iconset svg-baseline\"><svg aria-hidden=\"true\" class=\"kadence-svg-icon kadence-arrow-right-alt-svg\" fill=\"currentColor\" version=\"1.1\" xmlns=\"http:\/\/www.w3.org\/2000\/svg\" width=\"27\" height=\"28\" viewbox=\"0 0 27 28\"><title>Continue<\/title><path d=\"M27 13.953c0 0.141-0.063 0.281-0.156 0.375l-6 5.531c-0.156 0.141-0.359 0.172-0.547 0.094-0.172-0.078-0.297-0.25-0.297-0.453v-3.5h-19.5c-0.281 0-0.5-0.219-0.5-0.5v-3c0-0.281 0.219-0.5 0.5-0.5h19.5v-3.5c0-0.203 0.109-0.375 0.297-0.453s0.391-0.047 0.547 0.078l6 5.469c0.094 0.094 0.156 0.219 0.156 0.359v0z\"><\/path>\n\t\t\t<\/svg><\/span>\t\t\t\t<\/a>\n\t\t\t<\/p>\n\t\t<\/div><!-- .entry-actions -->\n\t\t<\/footer><!-- .entry-footer -->\t\t<\/div>\n\t<\/article>\n<\/li>\n<li class=\"kb-post-list-item\">\n\t<article class=\"entry content-bg loop-entry post-2366 post type-post status-publish format-standard has-post-thumbnail hentry category-uncategorized\">\n\t\t\t\t<a aria-hidden=\"true\" tabindex=\"-1\" role=\"presentation\" class=\"post-thumbnail kadence-thumbnail-ratio-1-1\" href=\"https:\/\/misswheelchairworld.org\/en\/klip-w-suknich-slubnych\/\" aria-label=\"Clip in wedding dresses\">\n\t\t\t<div class=\"post-thumbnail-inner\">\n\t\t\t\t<img loading=\"lazy\" decoding=\"async\" width=\"280\" height=\"419\" src=\"https:\/\/misswheelchairworld.org\/wp-content\/uploads\/2022\/10\/apt4330male_min.jpg\" class=\"attachment-medium_large size-medium_large wp-post-image\" alt=\"Klip w suknich \u015blubnych\" srcset=\"https:\/\/misswheelchairworld.org\/wp-content\/uploads\/2022\/10\/apt4330male_min.jpg 280w, https:\/\/misswheelchairworld.org\/wp-content\/uploads\/2022\/10\/apt4330male_min-200x300.jpg 200w, https:\/\/misswheelchairworld.org\/wp-content\/uploads\/2022\/10\/apt4330male_min-8x12.jpg 8w\" sizes=\"auto, (max-width: 280px) 100vw, 280px\" \/>\t\t\t<\/div>\n\t\t<\/a><!-- .post-thumbnail -->\n\t\t\t\t<div class=\"entry-content-wrap\">\n\t\t\t<header class=\"entry-header\">\n\t<h3 class=\"entry-title\"><a href=\"https:\/\/misswheelchairworld.org\/en\/klip-w-suknich-slubnych\/\" rel=\"bookmark\">Clip in wedding dresses<\/a><\/h3>\t<div class=\"entry-meta entry-meta-divider-dot\">\n\t\t\t\t<span class=\"posted-on\">\n\t\t\t\t<span class=\"meta-label\">Wpis<\/span><time class=\"entry-date published\" datetime=\"2016-07-15T09:03:05+02:00\">15\/07\/2016<\/time><time class=\"updated\" datetime=\"2024-04-22T12:31:01+02:00\">22\/04\/2024<\/time>\t\t\t<\/span>\n\t\t\t\t<\/div><!-- .entry-meta -->\n\t<\/header><!-- .entry-header -->\n\t<div class=\"entry-summary\">\n\t\t<p>Clip in wedding dresses In July 2016, during the Miss Poland Wheelchair Workshop 2016 - an annual gathering of pageant finalists,\u2026<\/p>\n\t<\/div><!-- .entry-summary -->\n\t<footer class=\"entry-footer\">\n\t\t\t<div class=\"entry-actions\">\n\t\t\t<p class=\"more-link-wrap\">\n\t\t\t\t<a href=\"https:\/\/misswheelchairworld.org\/en\/klip-w-suknich-slubnych\/\" class=\"post-more-link\">\n\t\t\t\t\tRead more<span class=\"screen-reader-text\"> Clip in wedding dresses<\/span><span class=\"kadence-svg-iconset svg-baseline\"><svg aria-hidden=\"true\" class=\"kadence-svg-icon kadence-arrow-right-alt-svg\" fill=\"currentColor\" version=\"1.1\" xmlns=\"http:\/\/www.w3.org\/2000\/svg\" width=\"27\" height=\"28\" viewbox=\"0 0 27 28\"><title>Continue<\/title><path d=\"M27 13.953c0 0.141-0.063 0.281-0.156 0.375l-6 5.531c-0.156 0.141-0.359 0.172-0.547 0.094-0.172-0.078-0.297-0.25-0.297-0.453v-3.5h-19.5c-0.281 0-0.5-0.219-0.5-0.5v-3c0-0.281 0.219-0.5 0.5-0.5h19.5v-3.5c0-0.203 0.109-0.375 0.297-0.453s0.391-0.047 0.547 0.078l6 5.469c0.094 0.094 0.156 0.219 0.156 0.359v0z\"><\/path>\n\t\t\t<\/svg><\/span>\t\t\t\t<\/a>\n\t\t\t<\/p>\n\t\t<\/div><!-- .entry-actions -->\n\t\t<\/footer><!-- .entry-footer -->\t\t<\/div>\n\t<\/article>\n<\/li>\n<li class=\"kb-post-list-item\">\n\t<article class=\"entry content-bg loop-entry post-2380 post type-post status-publish format-standard has-post-thumbnail hentry category-uncategorized\">\n\t\t\t\t<a aria-hidden=\"true\" tabindex=\"-1\" role=\"presentation\" class=\"post-thumbnail kadence-thumbnail-ratio-1-1\" href=\"https:\/\/misswheelchairworld.org\/en\/pierwszy-klip-promujacy-miss-wheelchair-world\/\" aria-label=\"The first clip promoting The Miss Wheelchair World\">\n\t\t\t<div class=\"post-thumbnail-inner\">\n\t\t\t\t<img loading=\"lazy\" decoding=\"async\" width=\"315\" height=\"200\" src=\"https:\/\/misswheelchairworld.org\/wp-content\/uploads\/2022\/10\/miss_world_promo-10-_2_min.jpg\" class=\"attachment-medium_large size-medium_large wp-post-image\" alt=\"Pierwszy klip promuj\u0105cy Miss Wheelchair World\" srcset=\"https:\/\/misswheelchairworld.org\/wp-content\/uploads\/2022\/10\/miss_world_promo-10-_2_min.jpg 315w, https:\/\/misswheelchairworld.org\/wp-content\/uploads\/2022\/10\/miss_world_promo-10-_2_min-300x190.jpg 300w, https:\/\/misswheelchairworld.org\/wp-content\/uploads\/2022\/10\/miss_world_promo-10-_2_min-18x12.jpg 18w\" sizes=\"auto, (max-width: 315px) 100vw, 315px\" \/>\t\t\t<\/div>\n\t\t<\/a><!-- .post-thumbnail -->\n\t\t\t\t<div class=\"entry-content-wrap\">\n\t\t\t<header class=\"entry-header\">\n\t<h3 class=\"entry-title\"><a href=\"https:\/\/misswheelchairworld.org\/en\/pierwszy-klip-promujacy-miss-wheelchair-world\/\" rel=\"bookmark\">The first clip promoting The Miss Wheelchair World<\/a><\/h3>\t<div class=\"entry-meta entry-meta-divider-dot\">\n\t\t\t\t<span class=\"posted-on\">\n\t\t\t\t<span class=\"meta-label\">Wpis<\/span><time class=\"entry-date published\" datetime=\"2016-07-14T09:19:58+02:00\">14\/07\/2016<\/time><time class=\"updated\" datetime=\"2023-11-02T15:22:53+01:00\">02\/11\/2023<\/time>\t\t\t<\/span>\n\t\t\t\t<\/div><!-- .entry-meta -->\n\t<\/header><!-- .entry-header -->\n\t<div class=\"entry-summary\">\n\t\t<p>The first clip promoting Miss Wheelchair World In December 2015, recordings took place for the first clip promoting the Miss Wheelchair World project at\u2026<\/p>\n\t<\/div><!-- .entry-summary -->\n\t<footer class=\"entry-footer\">\n\t\t\t<div class=\"entry-actions\">\n\t\t\t<p class=\"more-link-wrap\">\n\t\t\t\t<a href=\"https:\/\/misswheelchairworld.org\/en\/pierwszy-klip-promujacy-miss-wheelchair-world\/\" class=\"post-more-link\">\n\t\t\t\t\tRead more<span class=\"screen-reader-text\"> The first clip promoting The Miss Wheelchair World<\/span><span class=\"kadence-svg-iconset svg-baseline\"><svg aria-hidden=\"true\" class=\"kadence-svg-icon kadence-arrow-right-alt-svg\" fill=\"currentColor\" version=\"1.1\" xmlns=\"http:\/\/www.w3.org\/2000\/svg\" width=\"27\" height=\"28\" viewbox=\"0 0 27 28\"><title>Continue<\/title><path d=\"M27 13.953c0 0.141-0.063 0.281-0.156 0.375l-6 5.531c-0.156 0.141-0.359 0.172-0.547 0.094-0.172-0.078-0.297-0.25-0.297-0.453v-3.5h-19.5c-0.281 0-0.5-0.219-0.5-0.5v-3c0-0.281 0.219-0.5 0.5-0.5h19.5v-3.5c0-0.203 0.109-0.375 0.297-0.453s0.391-0.047 0.547 0.078l6 5.469c0.094 0.094 0.156 0.219 0.156 0.359v0z\"><\/path>\n\t\t\t<\/svg><\/span>\t\t\t\t<\/a>\n\t\t\t<\/p>\n\t\t<\/div><!-- .entry-actions -->\n\t\t<\/footer><!-- .entry-footer -->\t\t<\/div>\n\t<\/article>\n<\/li>\n<\/ul><\/div><\/div>\n\n<\/div><\/div>","protected":false},"excerpt":{"rendered":"<p>Our news<\/p>","protected":false},"author":1,"featured_media":0,"parent":0,"menu_order":0,"comment_status":"closed","ping_status":"closed","template":"","meta":{"_kad_post_transparent":"disable","_kad_post_title":"hide","_kad_post_layout":"normal","_kad_post_sidebar_id":"","_kad_post_content_style":"unboxed","_kad_post_vertical_padding":"hide","_kad_post_feature":"","_kad_post_feature_position":"","_kad_post_header":false,"_kad_post_footer":false,"_kad_post_classname":"","footnotes":""},"class_list":["post-1490","page","type-page","status-publish","hentry"],"yoast_head":"<!-- This site is optimized with the Yoast SEO plugin v26.3 - https:\/\/yoast.com\/wordpress\/plugins\/seo\/ -->\n<title>Aktualno\u015bci - Miss Wheelchair World<\/title>\n<meta name=\"robots\" content=\"index, follow, max-snippet:-1, max-image-preview:large, max-video-preview:-1\" \/>\n<link rel=\"canonical\" href=\"https:\/\/misswheelchairworld.org\/en\/aktualnosci\/\" \/>\n<meta property=\"og:locale\" content=\"en_GB\" \/>\n<meta property=\"og:type\" content=\"article\" \/>\n<meta property=\"og:title\" content=\"Aktualno\u015bci - Miss Wheelchair World\" \/>\n<meta property=\"og:description\" content=\"Nasze aktualno\u015bci\" \/>\n<meta property=\"og:url\" content=\"https:\/\/misswheelchairworld.org\/en\/aktualnosci\/\" \/>\n<meta property=\"og:site_name\" content=\"Miss Wheelchair World\" \/>\n<meta property=\"article:publisher\" content=\"https:\/\/www.facebook.com\/MissWheelchairWorld\" \/>\n<meta property=\"article:modified_time\" content=\"2025-03-13T02:43:13+00:00\" \/>\n<meta name=\"twitter:card\" content=\"summary_large_image\" \/>\n<meta name=\"twitter:site\" content=\"@Jedyna__Taka\" \/>\n<meta name=\"twitter:label1\" content=\"Estimated reading time\" \/>\n\t<meta name=\"twitter:data1\" content=\"1 minute\" \/>\n<script type=\"application\/ld+json\" class=\"yoast-schema-graph\">{\"@context\":\"https:\/\/schema.org\",\"@graph\":[{\"@type\":\"WebPage\",\"@id\":\"https:\/\/misswheelchairworld.org\/aktualnosci\/\",\"url\":\"https:\/\/misswheelchairworld.org\/aktualnosci\/\",\"name\":\"Aktualno\u015bci - Miss Wheelchair World\",\"isPartOf\":{\"@id\":\"https:\/\/misswheelchairworld.org\/#website\"},\"datePublished\":\"2022-10-16T22:55:41+00:00\",\"dateModified\":\"2025-03-13T02:43:13+00:00\",\"breadcrumb\":{\"@id\":\"https:\/\/misswheelchairworld.org\/aktualnosci\/#breadcrumb\"},\"inLanguage\":\"en-GB\",\"potentialAction\":[{\"@type\":\"ReadAction\",\"target\":[\"https:\/\/misswheelchairworld.org\/aktualnosci\/\"]}]},{\"@type\":\"BreadcrumbList\",\"@id\":\"https:\/\/misswheelchairworld.org\/aktualnosci\/#breadcrumb\",\"itemListElement\":[{\"@type\":\"ListItem\",\"position\":1,\"name\":\"Home\",\"item\":\"https:\/\/misswheelchairworld.org\/\"},{\"@type\":\"ListItem\",\"position\":2,\"name\":\"Aktualno\u015bci\"}]},{\"@type\":\"WebSite\",\"@id\":\"https:\/\/misswheelchairworld.org\/#website\",\"url\":\"https:\/\/misswheelchairworld.org\/\",\"name\":\"Miss Wheelchair World\",\"description\":\"Miss Wheelchair World\",\"publisher\":{\"@id\":\"https:\/\/misswheelchairworld.org\/#organization\"},\"potentialAction\":[{\"@type\":\"SearchAction\",\"target\":{\"@type\":\"EntryPoint\",\"urlTemplate\":\"https:\/\/misswheelchairworld.org\/?s={search_term_string}\"},\"query-input\":{\"@type\":\"PropertyValueSpecification\",\"valueRequired\":true,\"valueName\":\"search_term_string\"}}],\"inLanguage\":\"en-GB\"},{\"@type\":\"Organization\",\"@id\":\"https:\/\/misswheelchairworld.org\/#organization\",\"name\":\"Miss Wheelchair World\",\"url\":\"https:\/\/misswheelchairworld.org\/\",\"logo\":{\"@type\":\"ImageObject\",\"inLanguage\":\"en-GB\",\"@id\":\"https:\/\/misswheelchairworld.org\/#\/schema\/logo\/image\/\",\"url\":\"https:\/\/misswheelchairworld.org\/wp-content\/uploads\/2022\/10\/Kopia-logoMWW-angielskie-czyste.png\",\"contentUrl\":\"https:\/\/misswheelchairworld.org\/wp-content\/uploads\/2022\/10\/Kopia-logoMWW-angielskie-czyste.png\",\"width\":4871,\"height\":1852,\"caption\":\"Miss Wheelchair World\"},\"image\":{\"@id\":\"https:\/\/misswheelchairworld.org\/#\/schema\/logo\/image\/\"},\"sameAs\":[\"https:\/\/www.facebook.com\/MissWheelchairWorld\",\"https:\/\/x.com\/Jedyna__Taka\",\"https:\/\/www.instagram.com\/misswheelchairworld\/\",\"https:\/\/www.youtube.com\/channel\/UCVaiD9tQULYwtIwQFAyk7zw\"]}]}<\/script>\n<!-- \/ Yoast SEO plugin. -->","yoast_head_json":{"title":"Aktualno\u015bci - Miss Wheelchair World","robots":{"index":"index","follow":"follow","max-snippet":"max-snippet:-1","max-image-preview":"max-image-preview:large","max-video-preview":"max-video-preview:-1"},"canonical":"https:\/\/misswheelchairworld.org\/en\/aktualnosci\/","og_locale":"en_GB","og_type":"article","og_title":"Aktualno\u015bci - Miss Wheelchair World","og_description":"Nasze aktualno\u015bci","og_url":"https:\/\/misswheelchairworld.org\/en\/aktualnosci\/","og_site_name":"Miss Wheelchair World","article_publisher":"https:\/\/www.facebook.com\/MissWheelchairWorld","article_modified_time":"2025-03-13T02:43:13+00:00","twitter_card":"summary_large_image","twitter_site":"@Jedyna__Taka","twitter_misc":{"Estimated reading time":"1 minute"},"schema":{"@context":"https:\/\/schema.org","@graph":[{"@type":"WebPage","@id":"https:\/\/misswheelchairworld.org\/aktualnosci\/","url":"https:\/\/misswheelchairworld.org\/aktualnosci\/","name":"Aktualno\u015bci - Miss Wheelchair World","isPartOf":{"@id":"https:\/\/misswheelchairworld.org\/#website"},"datePublished":"2022-10-16T22:55:41+00:00","dateModified":"2025-03-13T02:43:13+00:00","breadcrumb":{"@id":"https:\/\/misswheelchairworld.org\/aktualnosci\/#breadcrumb"},"inLanguage":"en-GB","potentialAction":[{"@type":"ReadAction","target":["https:\/\/misswheelchairworld.org\/aktualnosci\/"]}]},{"@type":"BreadcrumbList","@id":"https:\/\/misswheelchairworld.org\/aktualnosci\/#breadcrumb","itemListElement":[{"@type":"ListItem","position":1,"name":"Home","item":"https:\/\/misswheelchairworld.org\/"},{"@type":"ListItem","position":2,"name":"Aktualno\u015bci"}]},{"@type":"WebSite","@id":"https:\/\/misswheelchairworld.org\/#website","url":"https:\/\/misswheelchairworld.org\/","name":"Miss Wheelchair World","description":"Miss Wheelchair World","publisher":{"@id":"https:\/\/misswheelchairworld.org\/#organization"},"potentialAction":[{"@type":"SearchAction","target":{"@type":"EntryPoint","urlTemplate":"https:\/\/misswheelchairworld.org\/?s={search_term_string}"},"query-input":{"@type":"PropertyValueSpecification","valueRequired":true,"valueName":"search_term_string"}}],"inLanguage":"en-GB"},{"@type":"Organization","@id":"https:\/\/misswheelchairworld.org\/#organization","name":"Miss Wheelchair World","url":"https:\/\/misswheelchairworld.org\/","logo":{"@type":"ImageObject","inLanguage":"en-GB","@id":"https:\/\/misswheelchairworld.org\/#\/schema\/logo\/image\/","url":"https:\/\/misswheelchairworld.org\/wp-content\/uploads\/2022\/10\/Kopia-logoMWW-angielskie-czyste.png","contentUrl":"https:\/\/misswheelchairworld.org\/wp-content\/uploads\/2022\/10\/Kopia-logoMWW-angielskie-czyste.png","width":4871,"height":1852,"caption":"Miss Wheelchair World"},"image":{"@id":"https:\/\/misswheelchairworld.org\/#\/schema\/logo\/image\/"},"sameAs":["https:\/\/www.facebook.com\/MissWheelchairWorld","https:\/\/x.com\/Jedyna__Taka","https:\/\/www.instagram.com\/misswheelchairworld\/","https:\/\/www.youtube.com\/channel\/UCVaiD9tQULYwtIwQFAyk7zw"]}]}},"_links":{"self":[{"href":"https:\/\/misswheelchairworld.org\/en\/wp-json\/wp\/v2\/pages\/1490","targetHints":{"allow":["GET"]}}],"collection":[{"href":"https:\/\/misswheelchairworld.org\/en\/wp-json\/wp\/v2\/pages"}],"about":[{"href":"https:\/\/misswheelchairworld.org\/en\/wp-json\/wp\/v2\/types\/page"}],"author":[{"embeddable":true,"href":"https:\/\/misswheelchairworld.org\/en\/wp-json\/wp\/v2\/users\/1"}],"replies":[{"embeddable":true,"href":"https:\/\/misswheelchairworld.org\/en\/wp-json\/wp\/v2\/comments?post=1490"}],"version-history":[{"count":23,"href":"https:\/\/misswheelchairworld.org\/en\/wp-json\/wp\/v2\/pages\/1490\/revisions"}],"predecessor-version":[{"id":5642,"href":"https:\/\/misswheelchairworld.org\/en\/wp-json\/wp\/v2\/pages\/1490\/revisions\/5642"}],"wp:attachment":[{"href":"https:\/\/misswheelchairworld.org\/en\/wp-json\/wp\/v2\/media?parent=1490"}],"curies":[{"name":"wp","href":"https:\/\/api.w.org\/{rel}","templated":true}]}}